{"id":3816,"date":"2018-12-14T09:22:57","date_gmt":"2018-12-14T08:22:57","guid":{"rendered":"http:\/\/www.degren.eu\/?post_type=tribe_events&#038;p=3816"},"modified":"2018-12-14T09:28:19","modified_gmt":"2018-12-14T08:28:19","slug":"i-jornadas-tecnicas-de-sensibilizacao-ambiental","status":"publish","type":"tribe_events","link":"http:\/\/www.degren.eu\/?tribe_events=i-jornadas-tecnicas-de-sensibilizacao-ambiental","title":{"rendered":"I Jornadas T\u00e9cnicas de Sensibiliza\u00e7\u00e3o Ambiental"},"content":{"rendered":"<h1 style=\"text-align: center;\"><span style=\"color: #333333;\">\u00abEcodesign?\u00bb<\/span><\/h1>\n<p style=\"text-align: center;\">Aveiro, 13\/12\/2018<br \/>\n(Hotel Meli\u00e1 Ria)<\/p>\n<p>&nbsp;<\/p>\n<table class=\" alignleft\" style=\"height: 380px; width: 100%;\" cellspacing=\"5\">\n<tbody>\n<tr style=\"height: 40px;\">\n<td style=\"background-color: #b1cb25; text-align: center; width: 100%; height: 40px;\" colspan=\"4\"><span style=\"font-size: 14pt;\"><b>PROGRAMA<\/b><\/span><\/td>\n<\/tr>\n<tr style=\"height: 24px;\">\n<td style=\"width: 100%; text-align: center; height: 24px;\" colspan=\"4\"><\/td>\n<\/tr>\n<tr style=\"height: 48px;\">\n<td style=\"width: 10%; height: 48px; vertical-align: middle;\"><strong>15h00<\/strong><\/td>\n<td style=\"width: 80%; height: 48px;\" colspan=\"2\"><span style=\"color: #333333;\"><strong>Rece\u00e7\u00e3o <span style=\"color: #333333;\">dos<\/span> participantes<\/strong><\/span><\/td>\n<td style=\"width: 77%; text-align: center; vertical-align: middle; height: 48px;\"><\/td>\n<\/tr>\n<tr style=\"height: 48px;\">\n<td style=\"width: 10%; height: 48px; vertical-align: middle;\"><strong>15h10<\/strong><\/td>\n<td style=\"height: 48px;\" colspan=\"2\"><span style=\"color: #333333;\"><strong>Apresenta\u00e7\u00e3o do Projeto \u00abDEGREN &#8211; DEsign &amp; GReen ENgineering\u00bb<\/strong><\/span><br \/>\n<span style=\"color: #b1cb25;\"><strong>Victor Ferreira,<span style=\"color: #006400;\">\u00a0<\/span><em>Cluster Habitat Sustent\u00e1vel<\/em><\/strong><\/span><\/td>\n<td style=\"width: 77%; text-align: center; vertical-align: middle; height: 48px;\"><\/td>\n<\/tr>\n<tr style=\"height: 24px;\">\n<td style=\"width: 10%; height: 24px;\"><strong>15h20<\/strong><\/td>\n<td style=\"width: 80%; height: 24px;\" colspan=\"2\"><span style=\"color: #333333;\"><strong><em><span style=\"color: #333333;\">\u00abDesafios da Economia Circular \u2013 Inspirando o Ecodesign\u00bb<\/span><br \/>\n<span style=\"color: #b1cb25;\">S\u00edlvia Machado,\u00a0APICER &#8211; \u00a0Associa\u00e7\u00e3o Portuguesa das Ind\u00fastrias de Cer\u00e2mica e de Cristalaria<\/span><\/em><\/strong><\/span><\/td>\n<td style=\"height: 24px;\"><\/td>\n<\/tr>\n<tr style=\"height: 48px;\">\n<td style=\"width: 10%; height: 48px; vertical-align: middle;\"><strong>15h30<\/strong><\/td>\n<td style=\"width: 80%; height: 48px;\" colspan=\"2\"><span style=\"color: #b1cb25;\"><span style=\"color: #333333;\"><strong>\u201cContributo da Avalia\u00e7\u00e3o de Ciclo de Vida de um produto para o seu Ecodesign\u201d<\/strong><\/span><br \/>\n<strong>Mar\u00edsa Almeida,\u00a0<em>CTCV &#8211; Centro Tecnologico da Cer\u00e2mica e do Vidro<\/em><\/strong><\/span><\/td>\n<td style=\"width: 77%; text-align: center; vertical-align: middle; height: 48px;\"><\/td>\n<\/tr>\n<tr style=\"height: 48px;\">\n<td style=\"width: 10%; height: 48px; vertical-align: middle;\"><strong>15h40<\/strong><\/td>\n<td style=\"height: 48px;\" colspan=\"2\"><span style=\"color: #333333;\"><strong>\u201cSustentabilidade no desenvolvimento de produtos\u00bb<\/strong><\/span><br \/>\n<span style=\"color: #b1cb25;\"><strong>Alexandre Kumagai,\u00a0<em>Bras\u00e3o de la Espada\/ DECA-UA<\/em><\/strong><\/span><\/td>\n<td style=\"width: 77%; text-align: center; vertical-align: middle; height: 48px;\"><\/td>\n<\/tr>\n<tr style=\"height: 24px;\">\n<td style=\"width: 10%; height: 24px;\"><strong>16h00<\/strong><\/td>\n<td style=\"height: 24px;\" colspan=\"3\"><span style=\"color: #333333;\"><strong><span style=\"color: #333333;\">Debate e <em>Networking<\/em><\/span><br \/>\n<span style=\"color: #b1cb25;\"><em>(<\/em>Moderador &#8211;\u00a0Victor Ferreira,\u00a0<em>Cluster Habitat Sustent\u00e1vel)<\/em><\/span><\/strong><\/span><\/td>\n<\/tr>\n<tr>\n<td style=\"width: 10%;\"><strong>16h45<br \/>\n<\/strong><\/td>\n<td style=\"width: 80%;\" colspan=\"3\"><span style=\"color: #333333;\"><strong><span style=\"color: #333333;\">Encerramento<\/span><\/strong><\/span><\/td>\n<\/tr>\n<\/tbody>\n<\/table>\n<p>&nbsp;<\/p>\n<p>&nbsp;<\/p>\n<table class=\" alignleft\" style=\"width: 100%;\" cellspacing=\"2\">\n<tbody>\n<tr style=\"height: 40px;\">\n<td style=\"width: 100%; text-align: center;\" colspan=\"3\"><span style=\"font-size: 14pt;\"><strong><a href=\"https:\/\/docs.google.com\/forms\/d\/e\/1FAIpQLScA475OTQVTI0D2WcD43SKk5HNWbxnCDTt90gNyH3I_2wyipQ\/viewform\" target=\"_blank\" rel=\"noopener\"><img loading=\"lazy\" decoding=\"async\" class=\"aligncenter wp-image-3817 size-full\" src=\"http:\/\/www.degren.eu\/wp-content\/uploads\/2018\/12\/inscripci\u00f3n.png\" alt=\"\" width=\"411\" height=\"97\" \/><\/a><\/strong><\/span><\/td>\n<\/tr>\n<\/tbody>\n<\/table>\n","protected":false},"excerpt":{"rendered":"<p>\u00abEcodesign?\u00bb Aveiro, 13\/12\/2018 (Hotel Meli\u00e1 Ria) &nbsp; PROGRAMA 15h00 Rece\u00e7\u00e3o dos participantes 15h10 Apresenta\u00e7\u00e3o do Projeto \u00abDEGREN &#8211; DEsign &amp; GReen ENgineering\u00bb Victor Ferreira,\u00a0Cluster Habitat Sustent\u00e1vel 15h20 \u00abDesafios da Economia [&hellip;]<\/p>\n","protected":false},"author":6,"featured_media":3818,"template":"","meta":{"_tribe_events_status":"","_tribe_events_status_reason":"","_tribe_events_is_hybrid":"","_tribe_events_is_virtual":"","_tribe_events_virtual_video_source":"","_tribe_events_virtual_embed_video":"","_tribe_events_virtual_linked_button_text":"","_tribe_events_virtual_linked_button":"","_tribe_events_virtual_show_embed_at":"","_tribe_events_virtual_show_embed_to":[],"_tribe_events_virtual_show_on_event":"","_tribe_events_virtual_show_on_views":"","_tribe_events_virtual_url":"","footnotes":""},"tags":[],"tribe_events_cat":[],"class_list":["post-3816","tribe_events","type-tribe_events","status-publish","has-post-thumbnail","hentry","has-post-title","has-post-date","has-post-category","has-post-tag","has-post-comment","has-post-author",""],"builder_content":"","_links":{"self":[{"href":"http:\/\/www.degren.eu\/index.php?rest_route=\/wp\/v2\/tribe_events\/3816","targetHints":{"allow":["GET"]}}],"collection":[{"href":"http:\/\/www.degren.eu\/index.php?rest_route=\/wp\/v2\/tribe_events"}],"about":[{"href":"http:\/\/www.degren.eu\/index.php?rest_route=\/wp\/v2\/types\/tribe_events"}],"author":[{"embeddable":true,"href":"http:\/\/www.degren.eu\/index.php?rest_route=\/wp\/v2\/users\/6"}],"version-history":[{"count":5,"href":"http:\/\/www.degren.eu\/index.php?rest_route=\/wp\/v2\/tribe_events\/3816\/revisions"}],"predecessor-version":[{"id":3824,"href":"http:\/\/www.degren.eu\/index.php?rest_route=\/wp\/v2\/tribe_events\/3816\/revisions\/3824"}],"wp:featuredmedia":[{"embeddable":true,"href":"http:\/\/www.degren.eu\/index.php?rest_route=\/wp\/v2\/media\/3818"}],"wp:attachment":[{"href":"http:\/\/www.degren.eu\/index.php?rest_route=%2Fwp%2Fv2%2Fmedia&parent=3816"}],"wp:term":[{"taxonomy":"post_tag","embeddable":true,"href":"http:\/\/www.degren.eu\/index.php?rest_route=%2Fwp%2Fv2%2Ftags&post=3816"},{"taxonomy":"tribe_events_cat","embeddable":true,"href":"http:\/\/www.degren.eu\/index.php?rest_route=%2Fwp%2Fv2%2Ftribe_events_cat&post=3816"}],"curies":[{"name":"wp","href":"https:\/\/api.w.org\/{rel}","templated":true}]}}