{"id":959,"date":"2017-12-18T12:14:58","date_gmt":"2017-12-18T12:14:58","guid":{"rendered":"http:\/\/www.degren.eu\/index.php\/asociacion-de-disenadores-de-extremadura-diex-copy\/"},"modified":"2019-10-29T21:04:17","modified_gmt":"2019-10-29T20:04:17","slug":"politecnico_leiria","status":"publish","type":"page","link":"http:\/\/www.degren.eu\/?page_id=959","title":{"rendered":"Instituto Polit\u00e9cnico de Leiria \u2013 IP Leiria."},"content":{"rendered":"<p><!--themify_builder_static--><\/p>\n<p>[wpmegamenu menu_location=\u00bbmain-nav\u00bb backgorund-color=\u00bb#ffffff\u00bb]<\/p>\n<p><a href=\"http:\/\/www.degren.eu\/?page_id=2143\" > <img decoding=\"async\" src=\"http:\/\/www.degren.eu\/wp-content\/uploads\/2017\/12\/imago_manu.jpg\" alt=\"imago_manu\" \/> <\/a><\/p>\n<table style=\"width: 328px;\">\n<tbody>\n<tr>\n<td style=\"width: 318px;\"><img loading=\"lazy\" decoding=\"async\" src=\"http:\/\/www.degren.eu\/wp-content\/uploads\/2017\/12\/leira.jpg\" alt=\"\" width=\"600\" height=\"470\" \/><\/td>\n<\/tr>\n<tr>\n<td style=\"width: 318px; text-align: left;\">\n<p>ESAD.CR\/IPLeiria \u2013 Escola Superior de Artes e Design de Caldas da Rainha Campus 3.<br \/> Rua Isidoro In\u00e1cio Alves de Carvalho 2500 &#8211; 321 Caldas da Rainha &#8211; PT<br \/> +351\u00a0262\u00a0830\u00a0900 \/ + 351\u00a0262\u00a0830\u00a0905<br \/> <a href=\"http:\/\/www.esad.ipleiria.pt\/index.php?id=1\" target=\"_blank\" rel=\"noopener\"><strong>http:\/\/www.esad.ipleiria.pt<\/strong><\/a><\/p>\n<p>[php_everywhere] <\/p>\n<\/td>\n<\/tr>\n<\/tbody>\n<\/table>\n<p>\u00a0<\/p>\n<h2 style=\"margin-bottom: -5px;\"><strong>Escola Superior de Artes e Design de Caldas da Rainha do Instituto Polit\u00e9cnico de Leiria<\/strong><\/h2>\n<hr style=\"margin-bottom: 10px;\" \/>\n<h3><strong>ESAD.CR \/ IP Leiria<\/strong><\/h3>\n<p style=\"text-align: justify;\">El Instituto Polit\u00e9cnico de Leiria es una instituci\u00f3n p\u00fablica de ense\u00f1anza superior al servicio de la sociedad y tiene por misi\u00f3n difundir el conocimiento; crear, transmitir y difundir la cultura, la ciencia, la tecnolog\u00eda y las artes; la investigaci\u00f3n orientada y el desarrollo experimental.<\/p>\n<p style=\"text-align: justify;\">Desarrolla actividades en el \u00e1mbito de la educaci\u00f3n, formaci\u00f3n e investigaci\u00f3n, prestando diversos servicios a la comunidad y extendiendo su cooperaci\u00f3n a las \u00e1reas t\u00e9cnicas y culturales, invirtiendo en modernas infraestructuras, que proporcionan servicios de apoyo basados en la excelencia.<\/p>\n<p><!--\/themify_builder_static--><\/p>\n","protected":false},"excerpt":{"rendered":"<p>[wpmegamenu menu_location=\u00bbmain-nav\u00bb backgorund-color=\u00bb#ffffff\u00bb] ESAD.CR\/IPLeiria \u2013 Escola Superior de Artes e Design de Caldas da Rainha Campus 3. Rua Isidoro In\u00e1cio Alves de Carvalho 2500 &#8211; 321 Caldas da Rainha &#8211; [&hellip;]<\/p>\n","protected":false},"author":6,"featured_media":0,"parent":0,"menu_order":0,"comment_status":"closed","ping_status":"closed","template":"","meta":{"footnotes":""},"class_list":["post-959","page","type-page","status-publish","hentry","has-post-title","has-post-date","has-post-category","has-post-tag","has-post-comment","has-post-author",""],"builder_content":"<p>[wpmegamenu menu_location=\"main-nav\" backgorund-color=\"#ffffff\"]<\/p>\n<a href=\"http:\/\/www.degren.eu\/?page_id=2143\"> <img src=\"http:\/\/www.degren.eu\/wp-content\/uploads\/2017\/12\/imago_manu.jpg\" title=\"imago_manu\" alt=\"imago_manu\"> <\/a>\n<table style=\"width: 328px;\"><tbody><tr><td style=\"width: 318px;\"><img src=\"http:\/\/www.degren.eu\/wp-content\/uploads\/2017\/12\/leira.jpg\" alt=\"\" width=\"600\" height=\"470\" \/><\/td><\/tr><tr><td style=\"width: 318px; text-align: left;\"><p>ESAD.CR\/IPLeiria \u2013 Escola Superior de Artes e Design de Caldas da Rainha Campus 3.<br \/> Rua Isidoro In\u00e1cio Alves de Carvalho 2500 - 321 Caldas da Rainha - PT<br \/> +351\u00a0262\u00a0830\u00a0900 \/ + 351\u00a0262\u00a0830\u00a0905<br \/> <a href=\"http:\/\/www.esad.ipleiria.pt\/index.php?id=1\" target=\"_blank\" rel=\"noopener\"><strong>http:\/\/www.esad.ipleiria.pt<\/strong><\/a><\/p><p>[php_everywhere]<br \/> <\/p><\/td><\/tr><\/tbody><\/table><p>\u00a0<\/p>\n<h2 style=\"margin-bottom: -5px;\"><strong>Escola Superior de Artes e Design de Caldas da Rainha do Instituto Polit\u00e9cnico de Leiria<\/strong><\/h2> <hr style=\"margin-bottom: 10px;\" \/> <h3><strong>ESAD.CR \/ IP Leiria<\/strong><\/h3> <p style=\"text-align: justify;\">El Instituto Polit\u00e9cnico de Leiria es una instituci\u00f3n p\u00fablica de ense\u00f1anza superior al servicio de la sociedad y tiene por misi\u00f3n difundir el conocimiento; crear, transmitir y difundir la cultura, la ciencia, la tecnolog\u00eda y las artes; la investigaci\u00f3n orientada y el desarrollo experimental.<\/p> <p style=\"text-align: justify;\">Desarrolla actividades en el \u00e1mbito de la educaci\u00f3n, formaci\u00f3n e investigaci\u00f3n, prestando diversos servicios a la comunidad y extendiendo su cooperaci\u00f3n a las \u00e1reas t\u00e9cnicas y culturales, invirtiendo en modernas infraestructuras, que proporcionan servicios de apoyo basados en la excelencia.<\/p>","_links":{"self":[{"href":"http:\/\/www.degren.eu\/index.php?rest_route=\/wp\/v2\/pages\/959","targetHints":{"allow":["GET"]}}],"collection":[{"href":"http:\/\/www.degren.eu\/index.php?rest_route=\/wp\/v2\/pages"}],"about":[{"href":"http:\/\/www.degren.eu\/index.php?rest_route=\/wp\/v2\/types\/page"}],"author":[{"embeddable":true,"href":"http:\/\/www.degren.eu\/index.php?rest_route=\/wp\/v2\/users\/6"}],"replies":[{"embeddable":true,"href":"http:\/\/www.degren.eu\/index.php?rest_route=%2Fwp%2Fv2%2Fcomments&post=959"}],"version-history":[{"count":47,"href":"http:\/\/www.degren.eu\/index.php?rest_route=\/wp\/v2\/pages\/959\/revisions"}],"predecessor-version":[{"id":2610,"href":"http:\/\/www.degren.eu\/index.php?rest_route=\/wp\/v2\/pages\/959\/revisions\/2610"}],"wp:attachment":[{"href":"http:\/\/www.degren.eu\/index.php?rest_route=%2Fwp%2Fv2%2Fmedia&parent=959"}],"curies":[{"name":"wp","href":"https:\/\/api.w.org\/{rel}","templated":true}]}}