{"id":924,"date":"2017-12-18T10:21:23","date_gmt":"2017-12-18T10:21:23","guid":{"rendered":"http:\/\/www.degren.eu\/index.php\/fundecyt-pctex-copy\/"},"modified":"2019-10-29T21:03:41","modified_gmt":"2019-10-29T20:03:41","slug":"ctcv","status":"publish","type":"page","link":"http:\/\/www.degren.eu\/?page_id=924","title":{"rendered":"CTCV \u2013 CENTRO TECNOL\u00d3GICO DE LA CER\u00c2MICA Y DEL VIDRIO"},"content":{"rendered":"<p><!--themify_builder_static--><\/p>\n<p>[wpmegamenu menu_location=\u00bbmain-nav\u00bb backgorund-color=\u00bb#ffffff\u00bb]<\/p>\n<p><a href=\"http:\/\/www.degren.eu\/?page_id=2143\" > <img decoding=\"async\" src=\"http:\/\/www.degren.eu\/wp-content\/uploads\/2017\/12\/imago_manu.jpg\" alt=\"imago_manu\" \/> <\/a><\/p>\n<table style=\"width: 328px;\">\n<tbody>\n<tr>\n<td style=\"width: 318px;\"><img loading=\"lazy\" decoding=\"async\" src=\"http:\/\/www.degren.eu\/wp-content\/uploads\/2017\/12\/ctcv.jpg\" alt=\"\" width=\"600\" height=\"410\" \/><\/td>\n<\/tr>\n<tr>\n<td style=\"width: 318px; text-align: left;\">\n<p>Rua Coronel Veiga Sim\u00e3o 3025-307 Coimbra, PT<br \/>+351239499200<br \/><a href=\"http:\/\/www.ctcv.pt\" target=\"_blank\" rel=\"noopener\"><strong>www.ctcv.pt<\/strong><\/a><\/p>\n<p>[php_everywhere]<\/p>\n<\/td>\n<\/tr>\n<\/tbody>\n<\/table>\n<h2 style=\"margin-bottom: -5px;\"><strong>CTCV \u2013 CENTRO TECNOL\u00d3GICO DE LA CER\u00c2MICA Y DEL VIDRIO<\/strong><\/h2>\n<hr style=\"margin-bottom: 10px;\" \/>\n<h3><strong>CTCV<\/strong><\/h3>\n<p style=\"text-align: justify;\">CTCV es un Centro Tecnol\u00f3gico de conexi\u00f3n entre las universidades y las empresas que se dedica a la valorizaci\u00f3n de productos y servicios ya la transferencia de tecnolog\u00eda. Situado en Coimbra &#8211; Portugal, tiene un equipo t\u00e9cnico de 55 colaboradores, posicion\u00e1ndose cerca de las empresas para apoyar su capacitaci\u00f3n tecnol\u00f3gica.<\/p>\n<p style=\"text-align: justify;\">Est\u00e1 involucrado en actividades de desarrollo tecnol\u00f3gico aplicado y tiene una participaci\u00f3n activa en proyectos de I + D Europeos, nacionales y regionales.<\/p>\n<p><!--\/themify_builder_static--><\/p>\n","protected":false},"excerpt":{"rendered":"<p>[wpmegamenu menu_location=\u00bbmain-nav\u00bb backgorund-color=\u00bb#ffffff\u00bb] Rua Coronel Veiga Sim\u00e3o 3025-307 Coimbra, PT+351239499200www.ctcv.pt [php_everywhere] CTCV \u2013 CENTRO TECNOL\u00d3GICO DE LA CER\u00c2MICA Y DEL VIDRIO CTCV CTCV es un Centro Tecnol\u00f3gico de conexi\u00f3n entre [&hellip;]<\/p>\n","protected":false},"author":6,"featured_media":0,"parent":0,"menu_order":0,"comment_status":"closed","ping_status":"closed","template":"","meta":{"footnotes":""},"class_list":["post-924","page","type-page","status-publish","hentry","has-post-title","has-post-date","has-post-category","has-post-tag","has-post-comment","has-post-author",""],"builder_content":"<p>[wpmegamenu menu_location=\"main-nav\" backgorund-color=\"#ffffff\"]<\/p>\n<a href=\"http:\/\/www.degren.eu\/?page_id=2143\"> <img src=\"http:\/\/www.degren.eu\/wp-content\/uploads\/2017\/12\/imago_manu.jpg\" title=\"imago_manu\" alt=\"imago_manu\"> <\/a>\n<table style=\"width: 328px;\"><tbody><tr><td style=\"width: 318px;\"><img src=\"http:\/\/www.degren.eu\/wp-content\/uploads\/2017\/12\/ctcv.jpg\" alt=\"\" width=\"600\" height=\"410\" \/><\/td><\/tr><tr><td style=\"width: 318px; text-align: left;\"><p>Rua Coronel Veiga Sim\u00e3o 3025-307 Coimbra, PT<br \/>+351239499200<br \/><a href=\"http:\/\/www.ctcv.pt\" target=\"_blank\" rel=\"noopener\"><strong>www.ctcv.pt<\/strong><\/a><\/p><p>[php_everywhere]<\/p><\/td><\/tr><\/tbody><\/table>\n<h2 style=\"margin-bottom: -5px;\"><strong>CTCV \u2013 CENTRO TECNOL\u00d3GICO DE LA CER\u00c2MICA Y DEL VIDRIO<\/strong><\/h2><hr style=\"margin-bottom: 10px;\" \/><h3><strong>CTCV<\/strong><\/h3><p style=\"text-align: justify;\">CTCV es un Centro Tecnol\u00f3gico de conexi\u00f3n entre las universidades y las empresas que se dedica a la valorizaci\u00f3n de productos y servicios ya la transferencia de tecnolog\u00eda. Situado en Coimbra - Portugal, tiene un equipo t\u00e9cnico de 55 colaboradores, posicion\u00e1ndose cerca de las empresas para apoyar su capacitaci\u00f3n tecnol\u00f3gica.<\/p><p style=\"text-align: justify;\">Est\u00e1 involucrado en actividades de desarrollo tecnol\u00f3gico aplicado y tiene una participaci\u00f3n activa en proyectos de I + D Europeos, nacionales y regionales.<\/p>","_links":{"self":[{"href":"http:\/\/www.degren.eu\/index.php?rest_route=\/wp\/v2\/pages\/924","targetHints":{"allow":["GET"]}}],"collection":[{"href":"http:\/\/www.degren.eu\/index.php?rest_route=\/wp\/v2\/pages"}],"about":[{"href":"http:\/\/www.degren.eu\/index.php?rest_route=\/wp\/v2\/types\/page"}],"author":[{"embeddable":true,"href":"http:\/\/www.degren.eu\/index.php?rest_route=\/wp\/v2\/users\/6"}],"replies":[{"embeddable":true,"href":"http:\/\/www.degren.eu\/index.php?rest_route=%2Fwp%2Fv2%2Fcomments&post=924"}],"version-history":[{"count":37,"href":"http:\/\/www.degren.eu\/index.php?rest_route=\/wp\/v2\/pages\/924\/revisions"}],"predecessor-version":[{"id":2604,"href":"http:\/\/www.degren.eu\/index.php?rest_route=\/wp\/v2\/pages\/924\/revisions\/2604"}],"wp:attachment":[{"href":"http:\/\/www.degren.eu\/index.php?rest_route=%2Fwp%2Fv2%2Fmedia&parent=924"}],"curies":[{"name":"wp","href":"https:\/\/api.w.org\/{rel}","templated":true}]}}