{"id":844,"date":"2017-12-15T10:35:37","date_gmt":"2017-12-15T10:35:37","guid":{"rendered":"http:\/\/www.degren.eu\/index.php\/anje-copy\/"},"modified":"2019-10-28T14:22:20","modified_gmt":"2019-10-28T13:22:20","slug":"habitat","status":"publish","type":"page","link":"http:\/\/www.degren.eu\/?page_id=844","title":{"rendered":"HABITAT"},"content":{"rendered":"<p><!--themify_builder_static--><\/p>\n<p>[wpmegamenu menu_location=\u00bbmain-nav\u00bb backgorund-color=\u00bb#ffffff\u00bb]<\/p>\n<p><a href=\"http:\/\/www.degren.eu\/?page_id=2143\" > <img decoding=\"async\" src=\"http:\/\/www.degren.eu\/wp-content\/uploads\/2017\/12\/imago_manu.jpg\" alt=\"imago_manu\" \/> <\/a><\/p>\n<table style=\"width: 328px;\">\n<tbody>\n<tr>\n<td style=\"width: 318px;\"><img loading=\"lazy\" decoding=\"async\" src=\"http:\/\/www.degren.eu\/wp-content\/uploads\/2017\/12\/habitat.jpg\" alt=\"\" width=\"600\" height=\"363\" \/><\/td>\n<\/tr>\n<tr>\n<td style=\"width: 318px; text-align: left;\">\n<p>Dep. Eng. Civil &#8211; Universidade de Aveiro, 3810-193 \u2013 Aveiro, PT<br \/>+351\u00a0234\u00a0401 576<br \/><a href=\"http:\/\/www.centrohabitat.net\" target=\"_blank\" rel=\"noopener\"><strong>www.centrohabitat.net<\/strong><\/a><br \/>[php_everywhere]<\/p>\n<\/td>\n<\/tr>\n<\/tbody>\n<\/table>\n<p>\u00a0<\/p>\n<h2 style=\"margin-bottom: -5px;\"><strong>Cluster Habitat Sustent\u00e1vel<\/strong><\/h2>\n<hr style=\"margin-bottom: 10px;\" \/>\n<h3><strong>CHS<\/strong><\/h3>\n<p style=\"text-align: justify;\">Cluster de Competitividad que representa la cadena de valor de H\u00e1bitat (materiales, construcci\u00f3n e inmobiliario) contando con empresas, centros de I+D, asociaciones, municipios y otras entidades relacionadas con el ambiente construido y que tiene por objetivo la promoci\u00f3n de sus miembros y sus capacidades, competencias y productos, estimulando consorcios e incluy\u00e9ndolos en proyectos y otras iniciativas de innovaci\u00f3n e internacionalizaci\u00f3n usando la sostentabilidad como motor para su competitividad.<\/p>\n<p><!--\/themify_builder_static--><\/p>\n<p>&nbsp;<\/p>\n","protected":false},"excerpt":{"rendered":"<p>[wpmegamenu menu_location=\u00bbmain-nav\u00bb backgorund-color=\u00bb#ffffff\u00bb] Dep. Eng. Civil &#8211; Universidade de Aveiro, 3810-193 \u2013 Aveiro, PT+351\u00a0234\u00a0401 576www.centrohabitat.net[php_everywhere] \u00a0 Cluster Habitat Sustent\u00e1vel CHS Cluster de Competitividad que representa la cadena de valor de [&hellip;]<\/p>\n","protected":false},"author":6,"featured_media":0,"parent":0,"menu_order":0,"comment_status":"closed","ping_status":"closed","template":"","meta":{"footnotes":""},"class_list":["post-844","page","type-page","status-publish","hentry","has-post-title","has-post-date","has-post-category","has-post-tag","has-post-comment","has-post-author",""],"builder_content":"<p>[wpmegamenu menu_location=\"main-nav\" backgorund-color=\"#ffffff\"]<\/p>\n<a href=\"http:\/\/www.degren.eu\/?page_id=2143\"> <img src=\"http:\/\/www.degren.eu\/wp-content\/uploads\/2017\/12\/imago_manu.jpg\" title=\"imago_manu\" alt=\"imago_manu\"> <\/a>\n<table style=\"width: 328px;\"><tbody><tr><td style=\"width: 318px;\"><img src=\"http:\/\/www.degren.eu\/wp-content\/uploads\/2017\/12\/habitat.jpg\" alt=\"\" width=\"600\" height=\"363\" \/><\/td><\/tr><tr><td style=\"width: 318px; text-align: left;\"><p>Dep. Eng. Civil - Universidade de Aveiro, 3810-193 \u2013 Aveiro, PT<br \/>+351\u00a0234\u00a0401 576<br \/><a href=\"http:\/\/www.centrohabitat.net\" target=\"_blank\" rel=\"noopener\"><strong>www.centrohabitat.net<\/strong><\/a><br \/>[php_everywhere]<br \/><\/p><\/td><\/tr><\/tbody><\/table><p>\u00a0<\/p>\n<h2 style=\"margin-bottom: -5px;\"><strong>Cluster Habitat Sustent\u00e1vel<\/strong><\/h2><hr style=\"margin-bottom: 10px;\" \/><h3><strong>CHS<\/strong><\/h3><p style=\"text-align: justify;\">Cluster de Competitividad que representa la cadena de valor de H\u00e1bitat (materiales, construcci\u00f3n e inmobiliario) contando con empresas, centros de I+D, asociaciones, municipios y otras entidades relacionadas con el ambiente construido y que tiene por objetivo la promoci\u00f3n de sus miembros y sus capacidades, competencias y productos, estimulando consorcios e incluy\u00e9ndolos en proyectos y otras iniciativas de innovaci\u00f3n e internacionalizaci\u00f3n usando la sostentabilidad como motor para su competitividad.<\/p>","_links":{"self":[{"href":"http:\/\/www.degren.eu\/index.php?rest_route=\/wp\/v2\/pages\/844","targetHints":{"allow":["GET"]}}],"collection":[{"href":"http:\/\/www.degren.eu\/index.php?rest_route=\/wp\/v2\/pages"}],"about":[{"href":"http:\/\/www.degren.eu\/index.php?rest_route=\/wp\/v2\/types\/page"}],"author":[{"embeddable":true,"href":"http:\/\/www.degren.eu\/index.php?rest_route=\/wp\/v2\/users\/6"}],"replies":[{"embeddable":true,"href":"http:\/\/www.degren.eu\/index.php?rest_route=%2Fwp%2Fv2%2Fcomments&post=844"}],"version-history":[{"count":70,"href":"http:\/\/www.degren.eu\/index.php?rest_route=\/wp\/v2\/pages\/844\/revisions"}],"predecessor-version":[{"id":2596,"href":"http:\/\/www.degren.eu\/index.php?rest_route=\/wp\/v2\/pages\/844\/revisions\/2596"}],"wp:attachment":[{"href":"http:\/\/www.degren.eu\/index.php?rest_route=%2Fwp%2Fv2%2Fmedia&parent=844"}],"curies":[{"name":"wp","href":"https:\/\/api.w.org\/{rel}","templated":true}]}}