{"id":813,"date":"2017-12-15T09:02:01","date_gmt":"2017-12-15T09:02:01","guid":{"rendered":"http:\/\/www.degren.eu\/index.php\/quienes-somos-copy\/"},"modified":"2019-10-29T21:04:06","modified_gmt":"2019-10-29T20:04:06","slug":"anje","status":"publish","type":"page","link":"http:\/\/www.degren.eu\/?page_id=813","title":{"rendered":"ANJE"},"content":{"rendered":"<p><!--themify_builder_static--><\/p>\n<p>[wpmegamenu menu_location=\u00bbmain-nav\u00bb backgorund-color=\u00bb#ffffff\u00bb]<\/p>\n<p><a href=\"http:\/\/www.degren.eu\/?page_id=2143\" > <img decoding=\"async\" src=\"http:\/\/www.degren.eu\/wp-content\/uploads\/2017\/12\/imago_manu.jpg\" alt=\"imago_manu\" \/> <\/a><\/p>\n<table style=\"width: 328px;\">\n<tbody>\n<tr>\n<td style=\"width: 318px;\"><img loading=\"lazy\" decoding=\"async\" src=\"http:\/\/www.degren.eu\/wp-content\/uploads\/2017\/12\/anje.jpg\" alt=\"\" width=\"600\" height=\"383\" \/><\/td>\n<\/tr>\n<tr>\n<td style=\"width: 318px; text-align: left;\">\n<p>Rua Fernanda Seno N6, 7005-485 \u00c9vora, PT<br \/> +351 266707007<br \/> <a href=\"http:\/\/www.anje.pt\" target=\"_blank\" rel=\"noopener\"><strong>www.anje.pt<\/strong><\/a><\/p>\n<p>[php_everywhere]<\/p>\n<\/td>\n<\/tr>\n<\/tbody>\n<\/table>\n<p>\u00a0<\/p>\n<h2 style=\"margin-bottom: -5px;\"><strong>ANJE \u2013 Associa\u00e7\u00e3o Nacional de Jovens Empres\u00e1rios<\/strong><\/h2>\n<hr style=\"margin-bottom: 10px;\" \/>\n<h3><strong>ANJE<\/strong><\/h3>\n<p style=\"text-align: justify;\">Creada en 1986, ANJE \u2013 Asociaci\u00f3n Nacional de J\u00f3venes Empresarios- es una asociaci\u00f3n de derecho privado y utilidad p\u00fablica que tiene como objetivo reunir a los j\u00f3venes empresarios portugueses, con la finalidad de satisfacer sus intereses comunes y desarrollar sus actividades profesionales, principalmente en los aspectos de la formaci\u00f3n e informaci\u00f3n. Motivada por el deseo de defender los intereses de sus asociados y de fomentar el emprendedurismo joven, ANJE ha logrado inculcar en el empresario portugu\u00e9s, nuevos paradigmas de desarrollo y una mentalidad m\u00e1s propensa al riesgo.<\/p>\n<p><!--\/themify_builder_static--><\/p>\n","protected":false},"excerpt":{"rendered":"<p>[wpmegamenu menu_location=\u00bbmain-nav\u00bb backgorund-color=\u00bb#ffffff\u00bb] Rua Fernanda Seno N6, 7005-485 \u00c9vora, PT +351 266707007 www.anje.pt [php_everywhere] \u00a0 ANJE \u2013 Associa\u00e7\u00e3o Nacional de Jovens Empres\u00e1rios ANJE Creada en 1986, ANJE \u2013 Asociaci\u00f3n Nacional [&hellip;]<\/p>\n","protected":false},"author":6,"featured_media":0,"parent":0,"menu_order":0,"comment_status":"closed","ping_status":"closed","template":"","meta":{"footnotes":""},"class_list":["post-813","page","type-page","status-publish","hentry","has-post-title","has-post-date","has-post-category","has-post-tag","has-post-comment","has-post-author",""],"builder_content":"<p>[wpmegamenu menu_location=\"main-nav\" backgorund-color=\"#ffffff\"]<\/p>\n<a href=\"http:\/\/www.degren.eu\/?page_id=2143\"> <img src=\"http:\/\/www.degren.eu\/wp-content\/uploads\/2017\/12\/imago_manu.jpg\" title=\"imago_manu\" alt=\"imago_manu\"> <\/a>\n<table style=\"width: 328px;\"><tbody><tr><td style=\"width: 318px;\"><img src=\"http:\/\/www.degren.eu\/wp-content\/uploads\/2017\/12\/anje.jpg\" alt=\"\" width=\"600\" height=\"383\" \/><\/td><\/tr><tr><td style=\"width: 318px; text-align: left;\"><p>Rua Fernanda Seno N6, 7005-485 \u00c9vora, PT<br \/> +351 266707007<br \/> <a href=\"http:\/\/www.anje.pt\" target=\"_blank\" rel=\"noopener\"><strong>www.anje.pt<\/strong><\/a><\/p><p>[php_everywhere]<\/p><\/td><\/tr><\/tbody><\/table><p>\u00a0<\/p>\n<h2 style=\"margin-bottom: -5px;\"><strong>ANJE \u2013 Associa\u00e7\u00e3o Nacional de Jovens Empres\u00e1rios<\/strong><\/h2> <hr style=\"margin-bottom: 10px;\" \/> <h3><strong>ANJE<\/strong><\/h3> <p style=\"text-align: justify;\">Creada en 1986, ANJE \u2013 Asociaci\u00f3n Nacional de J\u00f3venes Empresarios- es una asociaci\u00f3n de derecho privado y utilidad p\u00fablica que tiene como objetivo reunir a los j\u00f3venes empresarios portugueses, con la finalidad de satisfacer sus intereses comunes y desarrollar sus actividades profesionales, principalmente en los aspectos de la formaci\u00f3n e informaci\u00f3n. Motivada por el deseo de defender los intereses de sus asociados y de fomentar el emprendedurismo joven, ANJE ha logrado inculcar en el empresario portugu\u00e9s, nuevos paradigmas de desarrollo y una mentalidad m\u00e1s propensa al riesgo.<\/p>","_links":{"self":[{"href":"http:\/\/www.degren.eu\/index.php?rest_route=\/wp\/v2\/pages\/813","targetHints":{"allow":["GET"]}}],"collection":[{"href":"http:\/\/www.degren.eu\/index.php?rest_route=\/wp\/v2\/pages"}],"about":[{"href":"http:\/\/www.degren.eu\/index.php?rest_route=\/wp\/v2\/types\/page"}],"author":[{"embeddable":true,"href":"http:\/\/www.degren.eu\/index.php?rest_route=\/wp\/v2\/users\/6"}],"replies":[{"embeddable":true,"href":"http:\/\/www.degren.eu\/index.php?rest_route=%2Fwp%2Fv2%2Fcomments&post=813"}],"version-history":[{"count":68,"href":"http:\/\/www.degren.eu\/index.php?rest_route=\/wp\/v2\/pages\/813\/revisions"}],"predecessor-version":[{"id":2592,"href":"http:\/\/www.degren.eu\/index.php?rest_route=\/wp\/v2\/pages\/813\/revisions\/2592"}],"wp:attachment":[{"href":"http:\/\/www.degren.eu\/index.php?rest_route=%2Fwp%2Fv2%2Fmedia&parent=813"}],"curies":[{"name":"wp","href":"https:\/\/api.w.org\/{rel}","templated":true}]}}