{"id":3444,"date":"2018-10-01T11:39:31","date_gmt":"2018-10-01T09:39:31","guid":{"rendered":"http:\/\/www.degren.eu\/?page_id=3444"},"modified":"2019-10-29T21:03:17","modified_gmt":"2019-10-29T20:03:17","slug":"who-we-are","status":"publish","type":"page","link":"http:\/\/www.degren.eu\/?page_id=3444&lang=en","title":{"rendered":"WHO WE ARE?"},"content":{"rendered":"<p><!--themify_builder_static--><\/p>\n<p>[wpmegamenu menu_location=\u00bbmain-nav\u00bb backgorund-color=\u00bb#ffffff\u00bb]<\/p>\n<p><a href=\"http:\/\/www.degren.eu\/?page_id=2143\" > <img decoding=\"async\" src=\"http:\/\/www.degren.eu\/wp-content\/uploads\/2017\/12\/imago_manu.jpg\" alt=\"imago_manu\" \/> <\/a><\/p>\n<table style=\"width: 328px;\">\n<tbody>\n<tr>\n<td style=\"width: 318px;\"><img loading=\"lazy\" decoding=\"async\" src=\"http:\/\/www.degren.eu\/wp-content\/uploads\/2017\/12\/mapa.png\" alt=\"\" width=\"561\" height=\"408\" \/><\/td>\n<\/tr>\n<tr>\n<td style=\"width: 318px; text-align: left;\">Centro, Alentejo y Extremadura son las regiones implicadas en el proyecto DEGREN<\/td>\n<\/tr>\n<\/tbody>\n<\/table>\n<p>\u00a0<\/p>\n<h2 style=\"margin-bottom: -5px;\"><strong>WHO WE ARE?<\/strong><\/h2>\n<hr style=\"margin-bottom: 20px;\" \/>\n<p style=\"text-align: justify;\">Project is composed by a partners network from the different regions which are part of EUROACE Euro-region. The Project is leaded by the <a href=\"http:\/\/www.degren.eu\/?page_id=1882\" rel=\"noopener\"><strong>Instituto Tecnol\u00f3gico de Rocas Ornamentales y Materiales de Construcci\u00f3n (INTROMAC)<\/strong><\/a>, and composed by the following partners:<\/p>\n<ul>\n<li style=\"text-align: justify;\"><a href=\"http:\/\/www.degren.eu\/?page_id=813\">Associa\u00e7\u00e3o Nacional de Jovens Empres\u00e1rios &#8211; ANJE<\/a><\/li>\n<li style=\"text-align: justify;\"><a href=\"http:\/\/www.degren.eu\/?page_id=844\" rel=\"noopener\">Cluster Habitat Sustent\u00e1vel &#8211; Centro HABITAT<\/a><\/li>\n<li style=\"text-align: justify;\"><a href=\"http:\/\/www.degren.eu\/?page_id=1593\">Colegio Oficial Ingenieros Industriales de Extremadura &#8211; COIIEX<\/a><\/li>\n<li style=\"text-align: justify;\"><a href=\"http:\/\/www.degren.eu\/?page_id=871\" rel=\"noopener\">Fundaci\u00f3n Fundecyt-Parque Cient\u00edfico y Tecnol\u00f3gico de Extremadura -FUNDECYT-PCTEX<\/a><\/li>\n<li style=\"text-align: justify;\"><a href=\"http:\/\/www.degren.eu\/?page_id=924\" rel=\"noopener\">Centro Tecnol\u00f3gico da Cer\u00e2mica e do Vidro -CTCV<\/a><\/li>\n<li style=\"text-align: justify;\"><a href=\"http:\/\/www.degren.eu\/?page_id=936\">Universidad de Extremadura -UEX<\/a><\/li>\n<li style=\"text-align: justify;\"><a href=\"http:\/\/www.degren.eu\/?page_id=959\">Instituto Polit\u00e9cnico de Leiria &#8211; IP Leiria.<\/a><\/li>\n<\/ul>\n<p><!--\/themify_builder_static--><\/p>\n","protected":false},"excerpt":{"rendered":"<p>[wpmegamenu menu_location=\u00bbmain-nav\u00bb backgorund-color=\u00bb#ffffff\u00bb] Centro, Alentejo y Extremadura son las regiones implicadas en el proyecto DEGREN \u00a0 WHO WE ARE? Project is composed by a partners network from the different regions [&hellip;]<\/p>\n","protected":false},"author":6,"featured_media":0,"parent":0,"menu_order":0,"comment_status":"closed","ping_status":"closed","template":"","meta":{"footnotes":""},"class_list":["post-3444","page","type-page","status-publish","hentry","has-post-title","has-post-date","has-post-category","has-post-tag","has-post-comment","has-post-author",""],"builder_content":"<p>[wpmegamenu menu_location=\"main-nav\" backgorund-color=\"#ffffff\"]<\/p>\n<a href=\"http:\/\/www.degren.eu\/?page_id=2143\"> <img src=\"http:\/\/www.degren.eu\/wp-content\/uploads\/2017\/12\/imago_manu.jpg\" title=\"imago_manu\" alt=\"imago_manu\"> <\/a>\n<table style=\"width: 328px;\"><tbody><tr><td style=\"width: 318px;\"><img src=\"http:\/\/www.degren.eu\/wp-content\/uploads\/2017\/12\/mapa.png\" alt=\"\" width=\"561\" height=\"408\" \/><\/td><\/tr><tr><td style=\"width: 318px; text-align: left;\">Centro, Alentejo y Extremadura son las regiones implicadas en el proyecto DEGREN<\/td><\/tr><\/tbody><\/table><p>\u00a0<\/p>\n<h2 style=\"margin-bottom: -5px;\"><strong>WHO WE ARE?<\/strong><\/h2><hr style=\"margin-bottom: 20px;\" \/><p style=\"text-align: justify;\">Project is composed by a partners network from the different regions which are part of EUROACE Euro-region. The Project is leaded by the <a href=\"http:\/\/www.degren.eu\/?page_id=1882\" rel=\"noopener\"><strong>Instituto Tecnol\u00f3gico de Rocas Ornamentales y Materiales de Construcci\u00f3n (INTROMAC)<\/strong><\/a>, and composed by the following partners:<\/p><ul><li style=\"text-align: justify;\"><a href=\"http:\/\/www.degren.eu\/?page_id=813\">Associa\u00e7\u00e3o Nacional de Jovens Empres\u00e1rios - ANJE<\/a><\/li><li style=\"text-align: justify;\"><a href=\"http:\/\/www.degren.eu\/?page_id=844\" rel=\"noopener\">Cluster Habitat Sustent\u00e1vel - Centro HABITAT<\/a><\/li><li style=\"text-align: justify;\"><a href=\"http:\/\/www.degren.eu\/?page_id=1593\">Colegio Oficial Ingenieros Industriales de Extremadura - COIIEX<\/a><\/li><li style=\"text-align: justify;\"><a href=\"http:\/\/www.degren.eu\/?page_id=871\" rel=\"noopener\">Fundaci\u00f3n Fundecyt-Parque Cient\u00edfico y Tecnol\u00f3gico de Extremadura -FUNDECYT-PCTEX<\/a><\/li><li style=\"text-align: justify;\"><a href=\"http:\/\/www.degren.eu\/?page_id=924\" rel=\"noopener\">Centro Tecnol\u00f3gico da Cer\u00e2mica e do Vidro -CTCV<\/a><\/li><li style=\"text-align: justify;\"><a href=\"http:\/\/www.degren.eu\/?page_id=936\">Universidad de Extremadura -UEX<\/a><\/li><li style=\"text-align: justify;\"><a href=\"http:\/\/www.degren.eu\/?page_id=959\">Instituto Polit\u00e9cnico de Leiria - IP Leiria.<\/a><\/li><\/ul>","_links":{"self":[{"href":"http:\/\/www.degren.eu\/index.php?rest_route=\/wp\/v2\/pages\/3444","targetHints":{"allow":["GET"]}}],"collection":[{"href":"http:\/\/www.degren.eu\/index.php?rest_route=\/wp\/v2\/pages"}],"about":[{"href":"http:\/\/www.degren.eu\/index.php?rest_route=\/wp\/v2\/types\/page"}],"author":[{"embeddable":true,"href":"http:\/\/www.degren.eu\/index.php?rest_route=\/wp\/v2\/users\/6"}],"replies":[{"embeddable":true,"href":"http:\/\/www.degren.eu\/index.php?rest_route=%2Fwp%2Fv2%2Fcomments&post=3444"}],"version-history":[{"count":9,"href":"http:\/\/www.degren.eu\/index.php?rest_route=\/wp\/v2\/pages\/3444\/revisions"}],"predecessor-version":[{"id":3449,"href":"http:\/\/www.degren.eu\/index.php?rest_route=\/wp\/v2\/pages\/3444\/revisions\/3449"}],"wp:attachment":[{"href":"http:\/\/www.degren.eu\/index.php?rest_route=%2Fwp%2Fv2%2Fmedia&parent=3444"}],"curies":[{"name":"wp","href":"https:\/\/api.w.org\/{rel}","templated":true}]}}