{"id":1925,"date":"2018-01-22T10:43:28","date_gmt":"2018-01-22T10:43:28","guid":{"rendered":"http:\/\/www.degren.eu\/?page_id=1925"},"modified":"2019-10-29T21:05:41","modified_gmt":"2019-10-29T20:05:41","slug":"anje-3","status":"publish","type":"page","link":"http:\/\/www.degren.eu\/?page_id=1925&lang=pt","title":{"rendered":"ANJE"},"content":{"rendered":"<p><!--themify_builder_static--><\/p>\n<p>[wpmegamenu menu_location=\u00bbmain-nav\u00bb backgorund-color=\u00bb#ffffff\u00bb]<\/p>\n<p><a href=\"http:\/\/www.degren.eu\/?page_id=2161&#038;lang=pt\" > <img decoding=\"async\" src=\"http:\/\/www.degren.eu\/wp-content\/uploads\/2017\/12\/imago_manu.jpg\" alt=\"imago_manu\" \/> <\/a><\/p>\n<table style=\"width: 328px;\">\n<tbody>\n<tr>\n<td style=\"width: 318px;\"><img loading=\"lazy\" decoding=\"async\" src=\"http:\/\/www.degren.eu\/wp-content\/uploads\/2017\/12\/anje.jpg\" alt=\"\" width=\"600\" height=\"383\" \/><\/td>\n<\/tr>\n<tr>\n<td style=\"width: 318px; text-align: left;\">\n<p>Rua Fernanda Seno N6, 7005-485 \u00c9vora, PT<br \/> +351 266707007<br \/> <a href=\"http:\/\/www.anje.pt\" target=\"_blank\" rel=\"noopener\"><strong>www.anje.pt<\/strong><\/a><\/p>\n<p>[php_everywhere]<\/p>\n<\/td>\n<\/tr>\n<\/tbody>\n<\/table>\n<p>\u00a0<\/p>\n<h2 style=\"margin-bottom: -5px;\"><strong>ANJE \u2013 Associa\u00e7\u00e3o Nacional de Jovens Empres\u00e1rios<\/strong><\/h2>\n<hr style=\"margin-bottom: 10px;\" \/>\n<h3><strong>ANJE<\/strong><\/h3>\n<p style=\"text-align: justify;\">A ANJE tem concentrado esfor\u00e7os no empreendedorismo qualificado, de forma a criar condi\u00e7\u00f5es para que os jovens convertam o seu conhecimento em valor empresarial. Com 5470 s\u00f3cios, a associa\u00e7\u00e3o disponibiliza 13 incubadoras para empresas, e fornece acompanhamento especializado em processos de forma\u00e7\u00e3o, gest\u00e3o, financiamento, internacionaliza\u00e7\u00e3o, e inova\u00e7\u00e3o empresariais. Tem vindo a apostar no apoio e incentivo ao empreendedorismo, atrav\u00e9s da cria\u00e7\u00e3o e dinamiza\u00e7\u00e3o de projetos de \u00e2mbito nacional e regional.<\/p>\n<p><!--\/themify_builder_static--><\/p>\n","protected":false},"excerpt":{"rendered":"<p>[wpmegamenu menu_location=\u00bbmain-nav\u00bb backgorund-color=\u00bb#ffffff\u00bb] Rua Fernanda Seno N6, 7005-485 \u00c9vora, PT +351 266707007 www.anje.pt [php_everywhere] \u00a0 ANJE \u2013 Associa\u00e7\u00e3o Nacional de Jovens Empres\u00e1rios ANJE A ANJE tem concentrado esfor\u00e7os no empreendedorismo [&hellip;]<\/p>\n","protected":false},"author":6,"featured_media":0,"parent":0,"menu_order":0,"comment_status":"closed","ping_status":"closed","template":"","meta":{"footnotes":""},"class_list":["post-1925","page","type-page","status-publish","hentry","has-post-title","has-post-date","has-post-category","has-post-tag","has-post-comment","has-post-author",""],"builder_content":"<p>[wpmegamenu menu_location=\"main-nav\" backgorund-color=\"#ffffff\"]<\/p>\n<a href=\"http:\/\/www.degren.eu\/?page_id=2161&#038;lang=pt\"> <img src=\"http:\/\/www.degren.eu\/wp-content\/uploads\/2017\/12\/imago_manu.jpg\" title=\"imago_manu\" alt=\"imago_manu\"> <\/a>\n<table style=\"width: 328px;\"><tbody><tr><td style=\"width: 318px;\"><img src=\"http:\/\/www.degren.eu\/wp-content\/uploads\/2017\/12\/anje.jpg\" alt=\"\" width=\"600\" height=\"383\" \/><\/td><\/tr><tr><td style=\"width: 318px; text-align: left;\"><p>Rua Fernanda Seno N6, 7005-485 \u00c9vora, PT<br \/> +351 266707007<br \/> <a href=\"http:\/\/www.anje.pt\" target=\"_blank\" rel=\"noopener\"><strong>www.anje.pt<\/strong><\/a><\/p><p>[php_everywhere]<\/p><\/td><\/tr><\/tbody><\/table><p>\u00a0<\/p>\n<h2 style=\"margin-bottom: -5px;\"><strong>ANJE \u2013 Associa\u00e7\u00e3o Nacional de Jovens Empres\u00e1rios<\/strong><\/h2><hr style=\"margin-bottom: 10px;\" \/><h3><strong>ANJE<\/strong><\/h3><p style=\"text-align: justify;\">A ANJE tem concentrado esfor\u00e7os no empreendedorismo qualificado, de forma a criar condi\u00e7\u00f5es para que os jovens convertam o seu conhecimento em valor empresarial. Com 5470 s\u00f3cios, a associa\u00e7\u00e3o disponibiliza 13 incubadoras para empresas, e fornece acompanhamento especializado em processos de forma\u00e7\u00e3o, gest\u00e3o, financiamento, internacionaliza\u00e7\u00e3o, e inova\u00e7\u00e3o empresariais. Tem vindo a apostar no apoio e incentivo ao empreendedorismo, atrav\u00e9s da cria\u00e7\u00e3o e dinamiza\u00e7\u00e3o de projetos de \u00e2mbito nacional e regional.<\/p>","_links":{"self":[{"href":"http:\/\/www.degren.eu\/index.php?rest_route=\/wp\/v2\/pages\/1925","targetHints":{"allow":["GET"]}}],"collection":[{"href":"http:\/\/www.degren.eu\/index.php?rest_route=\/wp\/v2\/pages"}],"about":[{"href":"http:\/\/www.degren.eu\/index.php?rest_route=\/wp\/v2\/types\/page"}],"author":[{"embeddable":true,"href":"http:\/\/www.degren.eu\/index.php?rest_route=\/wp\/v2\/users\/6"}],"replies":[{"embeddable":true,"href":"http:\/\/www.degren.eu\/index.php?rest_route=%2Fwp%2Fv2%2Fcomments&post=1925"}],"version-history":[{"count":8,"href":"http:\/\/www.degren.eu\/index.php?rest_route=\/wp\/v2\/pages\/1925\/revisions"}],"predecessor-version":[{"id":2654,"href":"http:\/\/www.degren.eu\/index.php?rest_route=\/wp\/v2\/pages\/1925\/revisions\/2654"}],"wp:attachment":[{"href":"http:\/\/www.degren.eu\/index.php?rest_route=%2Fwp%2Fv2%2Fmedia&parent=1925"}],"curies":[{"name":"wp","href":"https:\/\/api.w.org\/{rel}","templated":true}]}}