{"id":1796,"date":"2018-01-21T08:42:51","date_gmt":"2018-01-21T08:42:51","guid":{"rendered":"http:\/\/www.degren.eu\/?page_id=1796"},"modified":"2019-10-29T21:05:23","modified_gmt":"2019-10-29T20:05:23","slug":"fundecyt-pctex-3","status":"publish","type":"page","link":"http:\/\/www.degren.eu\/?page_id=1796&lang=pt","title":{"rendered":"FUNDECYT-PCTEx"},"content":{"rendered":"<p><!--themify_builder_static--><\/p>\n<p>[wpmegamenu menu_location=\u00bbmain-nav\u00bb backgorund-color=\u00bb#ffffff\u00bb]<\/p>\n<p><a href=\"http:\/\/www.degren.eu\/?page_id=2161&#038;lang=pt\" > <img decoding=\"async\" src=\"http:\/\/www.degren.eu\/wp-content\/uploads\/2017\/12\/imago_manu.jpg\" alt=\"imago_manu\" \/> <\/a><\/p>\n<table style=\"width: 328px;\">\n<tbody>\n<tr>\n<td style=\"width: 318px;\"><img loading=\"lazy\" decoding=\"async\" src=\"http:\/\/www.degren.eu\/wp-content\/uploads\/2017\/12\/fundecyt-pctex.jpg\" alt=\"\" width=\"600\" height=\"305\" \/><\/td>\n<\/tr>\n<tr>\n<td style=\"width: 318px; text-align: left;\">\n<p>Avenida de la Investigaci\u00f3n, s\/n. 06006 Badajoz, ES<br \/>+34 924 014 600<br \/><a href=\"http:\/\/www.fundecyt-pctex.es\" target=\"_blank\" rel=\"noopener\"><strong>www.fundecyt-pctex.es<\/strong><\/a><\/p>\n<p>[php_everywhere]<\/p>\n<\/td>\n<\/tr>\n<\/tbody>\n<\/table>\n<p>\u00a0<\/p>\n<h2 style=\"margin-bottom: -5px;\"><strong>FUNDECYT \u2013 Parque Cient\u00edfico Tecnol\u00f3gico de Extremadura<\/strong><\/h2>\n<hr style=\"margin-bottom: 10px;\" \/>\n<h3><strong>FUNDECYT-PCTEX<\/strong><\/h3>\n<p style=\"text-align: justify;\">FUNDECYT-PCTEX \u00e9 uma funda\u00e7\u00e3o privada do setor p\u00fablico, sem fins lucrativos, com um objetivo fundamental: a vertebra\u00e7\u00e3o do Sistema Extremadura de Ci\u00eancia e Tecnologia, contribuindo para o uso socioecon\u00f4mico da ci\u00eancia e tecnologia, apoiando e promovendo seu desenvolvimento e gerenciamento para conseguir um melhor uso da pesquisa e da inova\u00e7\u00e3o, estimular a participa\u00e7\u00e3o da sociedade civil e mobilizar seus recursos.<\/p>\n<p><!--\/themify_builder_static--><\/p>\n","protected":false},"excerpt":{"rendered":"<p>[wpmegamenu menu_location=\u00bbmain-nav\u00bb backgorund-color=\u00bb#ffffff\u00bb] Avenida de la Investigaci\u00f3n, s\/n. 06006 Badajoz, ES+34 924 014 600www.fundecyt-pctex.es [php_everywhere] \u00a0 FUNDECYT \u2013 Parque Cient\u00edfico Tecnol\u00f3gico de Extremadura FUNDECYT-PCTEX FUNDECYT-PCTEX \u00e9 uma funda\u00e7\u00e3o privada do [&hellip;]<\/p>\n","protected":false},"author":6,"featured_media":0,"parent":0,"menu_order":0,"comment_status":"closed","ping_status":"closed","template":"","meta":{"footnotes":""},"class_list":["post-1796","page","type-page","status-publish","hentry","has-post-title","has-post-date","has-post-category","has-post-tag","has-post-comment","has-post-author",""],"builder_content":"<p>[wpmegamenu menu_location=\"main-nav\" backgorund-color=\"#ffffff\"]<\/p>\n<a href=\"http:\/\/www.degren.eu\/?page_id=2161&#038;lang=pt\"> <img src=\"http:\/\/www.degren.eu\/wp-content\/uploads\/2017\/12\/imago_manu.jpg\" title=\"imago_manu\" alt=\"imago_manu\"> <\/a>\n<table style=\"width: 328px;\"><tbody><tr><td style=\"width: 318px;\"><img src=\"http:\/\/www.degren.eu\/wp-content\/uploads\/2017\/12\/fundecyt-pctex.jpg\" alt=\"\" width=\"600\" height=\"305\" \/><\/td><\/tr><tr><td style=\"width: 318px; text-align: left;\"><p>Avenida de la Investigaci\u00f3n, s\/n. 06006 Badajoz, ES<br \/>+34 924 014 600<br \/><a href=\"http:\/\/www.fundecyt-pctex.es\" target=\"_blank\" rel=\"noopener\"><strong>www.fundecyt-pctex.es<\/strong><\/a><\/p><p>[php_everywhere]<br \/><\/p><\/td><\/tr><\/tbody><\/table><p>\u00a0<\/p>\n<h2 style=\"margin-bottom: -5px;\"><strong>FUNDECYT \u2013 Parque Cient\u00edfico Tecnol\u00f3gico de Extremadura<\/strong><\/h2><hr style=\"margin-bottom: 10px;\" \/><h3><strong>FUNDECYT-PCTEX<\/strong><\/h3><p style=\"text-align: justify;\">FUNDECYT-PCTEX \u00e9 uma funda\u00e7\u00e3o privada do setor p\u00fablico, sem fins lucrativos, com um objetivo fundamental: a vertebra\u00e7\u00e3o do Sistema Extremadura de Ci\u00eancia e Tecnologia, contribuindo para o uso socioecon\u00f4mico da ci\u00eancia e tecnologia, apoiando e promovendo seu desenvolvimento e gerenciamento para conseguir um melhor uso da pesquisa e da inova\u00e7\u00e3o, estimular a participa\u00e7\u00e3o da sociedade civil e mobilizar seus recursos.<\/p>","_links":{"self":[{"href":"http:\/\/www.degren.eu\/index.php?rest_route=\/wp\/v2\/pages\/1796","targetHints":{"allow":["GET"]}}],"collection":[{"href":"http:\/\/www.degren.eu\/index.php?rest_route=\/wp\/v2\/pages"}],"about":[{"href":"http:\/\/www.degren.eu\/index.php?rest_route=\/wp\/v2\/types\/page"}],"author":[{"embeddable":true,"href":"http:\/\/www.degren.eu\/index.php?rest_route=\/wp\/v2\/users\/6"}],"replies":[{"embeddable":true,"href":"http:\/\/www.degren.eu\/index.php?rest_route=%2Fwp%2Fv2%2Fcomments&post=1796"}],"version-history":[{"count":10,"href":"http:\/\/www.degren.eu\/index.php?rest_route=\/wp\/v2\/pages\/1796\/revisions"}],"predecessor-version":[{"id":2659,"href":"http:\/\/www.degren.eu\/index.php?rest_route=\/wp\/v2\/pages\/1796\/revisions\/2659"}],"wp:attachment":[{"href":"http:\/\/www.degren.eu\/index.php?rest_route=%2Fwp%2Fv2%2Fmedia&parent=1796"}],"curies":[{"name":"wp","href":"https:\/\/api.w.org\/{rel}","templated":true}]}}