{"id":1710,"date":"2018-01-20T22:12:30","date_gmt":"2018-01-20T22:12:30","guid":{"rendered":"http:\/\/www.degren.eu\/?page_id=1710"},"modified":"2021-04-09T11:44:27","modified_gmt":"2021-04-09T09:44:27","slug":"capacitacao","status":"publish","type":"page","link":"http:\/\/www.degren.eu\/?page_id=1710&lang=pt","title":{"rendered":"CAPACITA\u00c7\u00c3O"},"content":{"rendered":"<p><\/p>\n\n<!-- wp:themify-builder\/canvas \/-->","protected":false},"excerpt":{"rendered":"","protected":false},"author":6,"featured_media":0,"parent":0,"menu_order":0,"comment_status":"closed","ping_status":"closed","template":"","meta":{"footnotes":""},"class_list":["post-1710","page","type-page","status-publish","hentry","has-post-title","has-post-date","has-post-category","has-post-tag","has-post-comment","has-post-author",""],"builder_content":"<p>[wpmegamenu menu_location=\"main-nav\" backgorund-color=\"#ffffff\"]<\/p>\n<a href=\"http:\/\/www.degren.eu\/?page_id=2161&#038;lang=pt\"> <img src=\"http:\/\/www.degren.eu\/wp-content\/uploads\/2017\/12\/imago_manu.jpg\" title=\"imago_manu\" alt=\"imago_manu\"> <\/a>\n<table style=\"width: 328px;\"><tbody><tr><td style=\"width: 318px;\"><img src=\"http:\/\/www.degren.eu\/wp-content\/uploads\/2017\/12\/WINE.jpg\" alt=\"\" width=\"600\" height=\"600\" \/><\/td><\/tr><tr><td style=\"width: 318px; text-align: left;\">Vinho: design de etiquetas por Simon Langlois com papel reciclado<br \/> <strong><a href=\"http:\/\/www.howdesign.com\/editors-picks\/sustainable-designs-in-time-for-earth-day\/\" target=\"_blank\" rel=\"noopener\">+info...<\/a><\/strong><\/td><\/tr><\/tbody><\/table><p>\u00a0<\/p>\n<h2 style=\"margin-bottom: -5px;\"><strong>CAPACITA\u00c7\u00c3O DE AGENTES EN ECODESIGN.<\/strong><\/h2><hr style=\"margin-bottom: 20px;\" \/><h3><strong>Capacita\u00e7\u00e3o<\/strong><\/h3><p style=\"text-align: justify;\">Para introduzir a ECODESIGN no sector empresarial e na sociedade, \u00e9 necess\u00e1rio dar a conhecer o seu conceito e formar futuros profissionais e empresas sobre o ECODESIGN. Portanto, o projeto realizar\u00e1 uma s\u00e9rie de atividades orientadas para capacita\u00e7\u00e3o e forma\u00e7\u00e3o t\u00e9cnica de futuros profissionais para o setor, com o apoio das empresas como o principal canal de transfer\u00eancia para a aplica\u00e7\u00e3o real do conhecimento. Dois tipos de atividades de forma\u00e7\u00e3o ser\u00e3o realizados:<\/p><p style=\"padding-left: 30px;\">- Curso especializado em \"An\u00e1lise de ecodesign e ciclo de vida\"<\/p><p style=\"padding-left: 30px;\">- Aula de Ecodesign na Universidade<\/p><p style=\"text-align: justify;\">Al\u00e9m de diferentes workshops sobre conscientiza\u00e7\u00e3o ambiental e coopera\u00e7\u00e3o com a empresa.<\/p>","_links":{"self":[{"href":"http:\/\/www.degren.eu\/index.php?rest_route=\/wp\/v2\/pages\/1710","targetHints":{"allow":["GET"]}}],"collection":[{"href":"http:\/\/www.degren.eu\/index.php?rest_route=\/wp\/v2\/pages"}],"about":[{"href":"http:\/\/www.degren.eu\/index.php?rest_route=\/wp\/v2\/types\/page"}],"author":[{"embeddable":true,"href":"http:\/\/www.degren.eu\/index.php?rest_route=\/wp\/v2\/users\/6"}],"replies":[{"embeddable":true,"href":"http:\/\/www.degren.eu\/index.php?rest_route=%2Fwp%2Fv2%2Fcomments&post=1710"}],"version-history":[{"count":11,"href":"http:\/\/www.degren.eu\/index.php?rest_route=\/wp\/v2\/pages\/1710\/revisions"}],"predecessor-version":[{"id":5327,"href":"http:\/\/www.degren.eu\/index.php?rest_route=\/wp\/v2\/pages\/1710\/revisions\/5327"}],"wp:attachment":[{"href":"http:\/\/www.degren.eu\/index.php?rest_route=%2Fwp%2Fv2%2Fmedia&parent=1710"}],"curies":[{"name":"wp","href":"https:\/\/api.w.org\/{rel}","templated":true}]}}