{"id":1679,"date":"2018-01-20T21:26:12","date_gmt":"2018-01-20T21:26:12","guid":{"rendered":"http:\/\/www.degren.eu\/?page_id=1679"},"modified":"2023-05-09T10:56:39","modified_gmt":"2023-05-09T08:56:39","slug":"agenda-2","status":"publish","type":"page","link":"http:\/\/www.degren.eu\/?page_id=1679&lang=pt","title":{"rendered":"AGENDA"},"content":{"rendered":"<p><!--themify_builder_static--><\/p>\n<p>[wpmegamenu menu_location=\u00bbmain-nav\u00bb backgorund-color=\u00bb#ffffff\u00bb]<\/p>\n<p><a href=\"http:\/\/www.degren.eu\/?page_id=2161&amp;lang=pt\"> <img decoding=\"async\" src=\"http:\/\/www.degren.eu\/wp-content\/uploads\/2017\/12\/imago_manu.jpg\" alt=\"imago_manu\"> <\/a><\/p>\n<table style=\"width: 328px;\">\n<tbody>\n<tr>\n<td style=\"width: 318px;\"><img loading=\"lazy\" decoding=\"async\" src=\"http:\/\/www.degren.eu\/wp-content\/uploads\/2018\/04\/cartonlab-1.jpg\" alt=\"\" width=\"600\" height=\"600\"><\/td>\n<\/tr>\n<tr>\n<td style=\"width: 318px; text-align: left;\">Pr\u00e9mio: Desenho Hexagonal, geometria natural e Ecodesign.<br> <strong><a href=\"http:\/\/cartonlab.com\/diseno-hexagonal-decoracion\/\" target=\"_blank\" rel=\"noopener\">+info<\/a><\/strong><\/td>\n<\/tr>\n<\/tbody>\n<\/table>\n<h2 style=\"margin-bottom: -5px;\"><strong>EVENTOS<\/strong><\/h2>\n<hr style=\"margin-bottom: 20px;\">\n<p style=\"text-align: justify;\">O projeto DEGREN contempla a organiza\u00e7\u00e3o de m\u00faltiplas atividades relacionadas ao treinamento, interc\u00e2mbio de conhecimentos e redes entre empresas de ambos os lados da fronteira.<\/p>\n<p style=\"text-align: justify;\">Verifique a agenda dos eventos para inform\u00e1-lo sobre as atividades que ser\u00e3o realizadas no \u00e2mbito do projeto e participar das negocia\u00e7\u00f5es, workshops e sess\u00f5es de treinamento que ser\u00e3o realizadas nos pr\u00f3ximos meses em torno do design ecol\u00f3gico.<\/p>\n<p style=\"text-align: justify;\">Se voc\u00ea \u00e9 uma empresa ou empreendedor que quer ser inovador e consciente do meio ambiente, n\u00e3o perca a oportunidade e participe.<\/p>\n<div id=\"ect-no-events\"><p>There are no upcoming events at this time<\/p><\/div>\n<ul>\n<li>\n<h4>\n<p style=\"text-align:center;\">Eventos Anteriores<\/p>\n<\/h4>\n<p style=\"text-align: center;\"><!=========Events Timeline Template 2.6.2=========><div id=\"event-timeline-wrapper\" class=\"all style-1\"><div class=\"cool-event-timeline\"><div class=\"ect-timeline-year\">\n\t\t\t\t\t\t<div class=\"year-placeholder\"><!-- Month \/ Year Headers --><span class='month-year-box'>Dic 2020<\/span><\/div>\n\t\t\t\t\t\t<\/div><div id=\"post-5208\" class=\"ect-timeline-post even ect-simple-event style-1 past\"><div class=\"timeline-dots\"><\/div><div class=\"timeline-content even\"><div class=\"ect-timeline-header\"><a class=\"timeline-ev-img\" href=\"http:\/\/www.degren.eu\/?tribe_events=euroace-ecodesign\"><img src= \"http:\/\/www.degren.eu\/wp-content\/uploads\/2020\/12\/Euroaceecodesignlabel-1024x365.png\"\/><\/a><\/div><div class=\"ect-timeline-main-content\"><div class=\"ect-timeline-date\"><div class=\"ect-date-area timeline-schedule\"><span class=\"ev-day\">21<\/span>\n\t\t\t\t\t<span class=\"ev-mo\">diciembre<\/span>\n\t\t\t\t\t<span class=\"ev-yr\">2020<\/span><\/div><\/div><h2 class=\"content-title\"><a class=\"ect-event-url\" href=\"http:\/\/www.degren.eu\/?tribe_events=euroace-ecodesign\" rel=\"bookmark\">Marca EUROACE ECODESIGN<\/a><\/h2><!-- Event Content --><div class=\"ect-event-content\"><p>EUROACE ECODESIGN FECHA Y HORA: 21 de diciembre de 2020 \u2013 11:00 h. Evento online via ZOOM El pr\u00f3ximo 21 de diciembre se presenta EUROACE Ecodesign, marca desarrollada por el [&hellip;]<\/p>\n<\/div><\/div>      <div class=\"ect-lslist-event-detail\">\n\t        <a href=\"http:\/\/www.degren.eu\/?tribe_events=euroace-ecodesign\" title=\"Marca EUROACE ECODESIGN\" rel=\"bookmark\">Find out more<\/a>\n\t        <\/div><\/div><\/div><div id=\"post-5219\" class=\"ect-timeline-post odd ect-simple-event style-1 past\"><div class=\"timeline-dots\"><\/div><div class=\"timeline-content odd\"><div class=\"ect-timeline-header\"><a class=\"timeline-ev-img\" href=\"http:\/\/www.degren.eu\/?tribe_events=marca-euroace-ecodesign&#038;lang=pt\"><img src= \"http:\/\/www.degren.eu\/wp-content\/uploads\/2020\/12\/Euroaceecodesignlabel-1024x365.png\"\/><\/a><\/div><div class=\"ect-timeline-main-content\"><div class=\"ect-timeline-date\"><div class=\"ect-date-area timeline-schedule\"><span class=\"ev-day\">17<\/span>\n\t\t\t\t\t<span class=\"ev-mo\">diciembre<\/span>\n\t\t\t\t\t<span class=\"ev-yr\">2020<\/span><\/div><\/div><h2 class=\"content-title\"><a class=\"ect-event-url\" href=\"http:\/\/www.degren.eu\/?tribe_events=marca-euroace-ecodesign&#038;lang=pt\" rel=\"bookmark\">Marca EUROACE ECODESIGN<\/a><\/h2><!-- Event Content --><div class=\"ect-event-content\"><p>EUROACE ECODESIGN FECHA Y HORA: 21 de diciembre de 2020 \u2013 10:30 h. Evento online via ZOOM El pr\u00f3ximo 21 de diciembre se presenta EUROACE Ecodesign, marca desarrollada por el [&hellip;]<\/p>\n<\/div><\/div>      <div class=\"ect-lslist-event-detail\">\n\t        <a href=\"http:\/\/www.degren.eu\/?tribe_events=marca-euroace-ecodesign&#038;lang=pt\" title=\"Marca EUROACE ECODESIGN\" rel=\"bookmark\">Find out more<\/a>\n\t        <\/div><\/div><\/div><div class=\"ect-timeline-year\">\n\t\t\t\t\t\t<div class=\"year-placeholder\"><!-- Month \/ Year Headers --><span class='month-year-box'>Oct 2020<\/span><\/div>\n\t\t\t\t\t\t<\/div><div id=\"post-4933\" class=\"ect-timeline-post even ect-simple-event style-1 past\"><div class=\"timeline-dots\"><\/div><div class=\"timeline-content even\"><div class=\"ect-timeline-header\"><a class=\"timeline-ev-img\" href=\"http:\/\/www.degren.eu\/?tribe_events=ecodiseno-en-el-sector-de-la-construccion-soluciones-basadas-en-la-naturaleza-3&#038;lang=en\"><img src= \"http:\/\/www.degren.eu\/wp-content\/uploads\/2020\/09\/banner_lab_creativo_2020-2-1024x365.png\"\/><\/a><\/div><div class=\"ect-timeline-main-content\"><div class=\"ect-timeline-date\"><div class=\"ect-date-area timeline-schedule\"><span class=\"ev-day\">29<\/span>\n\t\t\t\t\t<span class=\"ev-mo\">octubre<\/span>\n\t\t\t\t\t<span class=\"ev-yr\">2020<\/span><\/div><\/div><h2 class=\"content-title\"><a class=\"ect-event-url\" href=\"http:\/\/www.degren.eu\/?tribe_events=ecodiseno-en-el-sector-de-la-construccion-soluciones-basadas-en-la-naturaleza-3&#038;lang=en\" rel=\"bookmark\">ECODISE\u00d1O en el sector de la Construcci\u00f3n: Soluciones basadas en la Naturaleza &#8211; SBN<\/a><\/h2><!-- Event Content --><div class=\"ect-event-content\"><p>ECODISE\u00d1O en el sector de la Construcci\u00f3n: Soluciones basadas en la Naturaleza - SBN FECHA Y HORA: 29 de octubre de 2020 \u2013 17:00 h. Evento online via ZOOM El [&hellip;]<\/p>\n<\/div><\/div>      <div class=\"ect-lslist-event-detail\">\n\t        <a href=\"http:\/\/www.degren.eu\/?tribe_events=ecodiseno-en-el-sector-de-la-construccion-soluciones-basadas-en-la-naturaleza-3&#038;lang=en\" title=\"ECODISE\u00d1O en el sector de la Construcci\u00f3n: Soluciones basadas en la Naturaleza &#8211; SBN\" rel=\"bookmark\">Find out more<\/a>\n\t        <\/div><\/div><\/div><div id=\"post-4931\" class=\"ect-timeline-post odd ect-simple-event style-1 past\"><div class=\"timeline-dots\"><\/div><div class=\"timeline-content odd\"><div class=\"ect-timeline-header\"><a class=\"timeline-ev-img\" href=\"http:\/\/www.degren.eu\/?tribe_events=ecodiseno-en-el-sector-de-la-construccion-soluciones-basadas-en-la-naturaleza-2&#038;lang=pt\"><img src= \"http:\/\/www.degren.eu\/wp-content\/uploads\/2020\/09\/banner_lab_creativo_2020-1024x365.png\"\/><\/a><\/div><div class=\"ect-timeline-main-content\"><div class=\"ect-timeline-date\"><div class=\"ect-date-area timeline-schedule\"><span class=\"ev-day\">29<\/span>\n\t\t\t\t\t<span class=\"ev-mo\">octubre<\/span>\n\t\t\t\t\t<span class=\"ev-yr\">2020<\/span><\/div><\/div><h2 class=\"content-title\"><a class=\"ect-event-url\" href=\"http:\/\/www.degren.eu\/?tribe_events=ecodiseno-en-el-sector-de-la-construccion-soluciones-basadas-en-la-naturaleza-2&#038;lang=pt\" rel=\"bookmark\">ECODISE\u00d1O en el sector de la Construcci\u00f3n: Soluciones basadas en la Naturaleza &#8211; SBN<\/a><\/h2><!-- Event Content --><div class=\"ect-event-content\"><p>ECODISE\u00d1O en el sector de la Construcci\u00f3n: Soluciones basadas en la Naturaleza - SBN FECHA Y HORA: 29 de octubre de 2020 \u2013 17:00 h. Evento online via ZOOM El [&hellip;]<\/p>\n<\/div><\/div>      <div class=\"ect-lslist-event-detail\">\n\t        <a href=\"http:\/\/www.degren.eu\/?tribe_events=ecodiseno-en-el-sector-de-la-construccion-soluciones-basadas-en-la-naturaleza-2&#038;lang=pt\" title=\"ECODISE\u00d1O en el sector de la Construcci\u00f3n: Soluciones basadas en la Naturaleza &#8211; SBN\" rel=\"bookmark\">Find out more<\/a>\n\t        <\/div><\/div><\/div><div id=\"post-4928\" class=\"ect-timeline-post even ect-simple-event style-1 past\"><div class=\"timeline-dots\"><\/div><div class=\"timeline-content even\"><div class=\"ect-timeline-header\"><a class=\"timeline-ev-img\" href=\"http:\/\/www.degren.eu\/?tribe_events=ecodiseno-en-el-sector-de-la-construccion-soluciones-basadas-en-la-naturaleza\"><img src= \"http:\/\/www.degren.eu\/wp-content\/uploads\/2020\/09\/banner_lab_creativo_2020-1-1024x365.png\"\/><\/a><\/div><div class=\"ect-timeline-main-content\"><div class=\"ect-timeline-date\"><div class=\"ect-date-area timeline-schedule\"><span class=\"ev-day\">29<\/span>\n\t\t\t\t\t<span class=\"ev-mo\">octubre<\/span>\n\t\t\t\t\t<span class=\"ev-yr\">2020<\/span><\/div><\/div><h2 class=\"content-title\"><a class=\"ect-event-url\" href=\"http:\/\/www.degren.eu\/?tribe_events=ecodiseno-en-el-sector-de-la-construccion-soluciones-basadas-en-la-naturaleza\" rel=\"bookmark\">ECODISE\u00d1O en el sector de la Construcci\u00f3n: Soluciones basadas en la Naturaleza &#8211; SBN<\/a><\/h2><!-- Event Content --><div class=\"ect-event-content\"><p>ECODISE\u00d1O en el sector de la Construcci\u00f3n: Soluciones basadas en la Naturaleza - SBN FECHA Y HORA: 29 de octubre de 2020 \u2013 17:00 h. Evento online via ZOOM El [&hellip;]<\/p>\n<\/div><\/div>      <div class=\"ect-lslist-event-detail\">\n\t        <a href=\"http:\/\/www.degren.eu\/?tribe_events=ecodiseno-en-el-sector-de-la-construccion-soluciones-basadas-en-la-naturaleza\" title=\"ECODISE\u00d1O en el sector de la Construcci\u00f3n: Soluciones basadas en la Naturaleza &#8211; SBN\" rel=\"bookmark\">Find out more<\/a>\n\t        <\/div><\/div><\/div><div id=\"post-4926\" class=\"ect-timeline-post odd ect-simple-event style-1 past\"><div class=\"timeline-dots\"><\/div><div class=\"timeline-content odd\"><div class=\"ect-timeline-header\"><a class=\"timeline-ev-img\" href=\"http:\/\/www.degren.eu\/?tribe_events=ecodiseno-de-residuo-a-producto-de-la-cuna-a-la-cuna-3&#038;lang=en\"><img src= \"http:\/\/www.degren.eu\/wp-content\/uploads\/2020\/09\/banner_lab_creativo_2020-2-1024x365.png\"\/><\/a><\/div><div class=\"ect-timeline-main-content\"><div class=\"ect-timeline-date\"><div class=\"ect-date-area timeline-schedule\"><span class=\"ev-day\">27<\/span>\n\t\t\t\t\t<span class=\"ev-mo\">octubre<\/span>\n\t\t\t\t\t<span class=\"ev-yr\">2020<\/span><\/div><\/div><h2 class=\"content-title\"><a class=\"ect-event-url\" href=\"http:\/\/www.degren.eu\/?tribe_events=ecodiseno-de-residuo-a-producto-de-la-cuna-a-la-cuna-3&#038;lang=en\" rel=\"bookmark\">ECODISE\u00d1O de residuo a producto: de la cuna a la cuna<\/a><\/h2><!-- Event Content --><div class=\"ect-event-content\"><p>ECODISE\u00d1O de residuo a producto: de la cuna a la cuna FECHA Y HORA: 27 de octubre de 2020 \u2013 17:00 h. Evento online via ZOOM Una de las bases [&hellip;]<\/p>\n<\/div><\/div>      <div class=\"ect-lslist-event-detail\">\n\t        <a href=\"http:\/\/www.degren.eu\/?tribe_events=ecodiseno-de-residuo-a-producto-de-la-cuna-a-la-cuna-3&#038;lang=en\" title=\"ECODISE\u00d1O de residuo a producto: de la cuna a la cuna\" rel=\"bookmark\">Find out more<\/a>\n\t        <\/div><\/div><\/div><div id=\"post-4924\" class=\"ect-timeline-post even ect-simple-event style-1 past\"><div class=\"timeline-dots\"><\/div><div class=\"timeline-content even\"><div class=\"ect-timeline-header\"><a class=\"timeline-ev-img\" href=\"http:\/\/www.degren.eu\/?tribe_events=ecodiseno-de-residuo-a-producto-de-la-cuna-a-la-cuna-2&#038;lang=pt\"><img src= \"http:\/\/www.degren.eu\/wp-content\/uploads\/2020\/09\/banner_lab_creativo_2020-1024x365.png\"\/><\/a><\/div><div class=\"ect-timeline-main-content\"><div class=\"ect-timeline-date\"><div class=\"ect-date-area timeline-schedule\"><span class=\"ev-day\">27<\/span>\n\t\t\t\t\t<span class=\"ev-mo\">octubre<\/span>\n\t\t\t\t\t<span class=\"ev-yr\">2020<\/span><\/div><\/div><h2 class=\"content-title\"><a class=\"ect-event-url\" href=\"http:\/\/www.degren.eu\/?tribe_events=ecodiseno-de-residuo-a-producto-de-la-cuna-a-la-cuna-2&#038;lang=pt\" rel=\"bookmark\">ECODISE\u00d1O de residuo a producto: de la cuna a la cuna<\/a><\/h2><!-- Event Content --><div class=\"ect-event-content\"><p>ECODISE\u00d1O de residuo a producto: de la cuna a la cuna FECHA Y HORA: 27 de octubre de 2020 \u2013 17:00 h. Evento online via ZOOM Una de las bases [&hellip;]<\/p>\n<\/div><\/div>      <div class=\"ect-lslist-event-detail\">\n\t        <a href=\"http:\/\/www.degren.eu\/?tribe_events=ecodiseno-de-residuo-a-producto-de-la-cuna-a-la-cuna-2&#038;lang=pt\" title=\"ECODISE\u00d1O de residuo a producto: de la cuna a la cuna\" rel=\"bookmark\">Find out more<\/a>\n\t        <\/div><\/div><\/div><div id=\"post-4921\" class=\"ect-timeline-post odd ect-simple-event style-1 past\"><div class=\"timeline-dots\"><\/div><div class=\"timeline-content odd\"><div class=\"ect-timeline-header\"><a class=\"timeline-ev-img\" href=\"http:\/\/www.degren.eu\/?tribe_events=ecodiseno-de-residuo-a-producto-de-la-cuna-a-la-cuna\"><img src= \"http:\/\/www.degren.eu\/wp-content\/uploads\/2020\/09\/banner_lab_creativo_2020-1-1024x365.png\"\/><\/a><\/div><div class=\"ect-timeline-main-content\"><div class=\"ect-timeline-date\"><div class=\"ect-date-area timeline-schedule\"><span class=\"ev-day\">27<\/span>\n\t\t\t\t\t<span class=\"ev-mo\">octubre<\/span>\n\t\t\t\t\t<span class=\"ev-yr\">2020<\/span><\/div><\/div><h2 class=\"content-title\"><a class=\"ect-event-url\" href=\"http:\/\/www.degren.eu\/?tribe_events=ecodiseno-de-residuo-a-producto-de-la-cuna-a-la-cuna\" rel=\"bookmark\">ECODISE\u00d1O de residuo a producto: de la cuna a la cuna<\/a><\/h2><!-- Event Content --><div class=\"ect-event-content\"><p>ECODISE\u00d1O de residuo a producto: de la cuna a la cuna FECHA Y HORA: 27 de octubre de 2020 \u2013 17:00 h. Evento online via ZOOM Una de las bases [&hellip;]<\/p>\n<\/div><\/div>      <div class=\"ect-lslist-event-detail\">\n\t        <a href=\"http:\/\/www.degren.eu\/?tribe_events=ecodiseno-de-residuo-a-producto-de-la-cuna-a-la-cuna\" title=\"ECODISE\u00d1O de residuo a producto: de la cuna a la cuna\" rel=\"bookmark\">Find out more<\/a>\n\t        <\/div><\/div><\/div><div id=\"post-4917\" class=\"ect-timeline-post even ect-simple-event style-1 past\"><div class=\"timeline-dots\"><\/div><div class=\"timeline-content even\"><div class=\"ect-timeline-header\"><a class=\"timeline-ev-img\" href=\"http:\/\/www.degren.eu\/?tribe_events=ecodiseno-en-envase-disena-para-prevenir-y-reciclar-3&#038;lang=en\"><img src= \"http:\/\/www.degren.eu\/wp-content\/uploads\/2020\/09\/banner_lab_creativo_2020-2-1024x365.png\"\/><\/a><\/div><div class=\"ect-timeline-main-content\"><div class=\"ect-timeline-date\"><div class=\"ect-date-area timeline-schedule\"><span class=\"ev-day\">20<\/span>\n\t\t\t\t\t<span class=\"ev-mo\">octubre<\/span>\n\t\t\t\t\t<span class=\"ev-yr\">2020<\/span><\/div><\/div><h2 class=\"content-title\"><a class=\"ect-event-url\" href=\"http:\/\/www.degren.eu\/?tribe_events=ecodiseno-en-envase-disena-para-prevenir-y-reciclar-3&#038;lang=en\" rel=\"bookmark\">ECODISE\u00d1O en envase: Dise\u00f1a para prevenir y reciclar<\/a><\/h2><!-- Event Content --><div class=\"ect-event-content\"><p>ECODISE\u00d1O en envase: Dise\u00f1a para prevenir y reciclar FECHA Y HORA: 20 de octubre de 2020 \u2013 17:00 h. Evento online via ZOOM El ecodise\u00f1o puede jugar un importante rol [&hellip;]<\/p>\n<\/div><\/div>      <div class=\"ect-lslist-event-detail\">\n\t        <a href=\"http:\/\/www.degren.eu\/?tribe_events=ecodiseno-en-envase-disena-para-prevenir-y-reciclar-3&#038;lang=en\" title=\"ECODISE\u00d1O en envase: Dise\u00f1a para prevenir y reciclar\" rel=\"bookmark\">Find out more<\/a>\n\t        <\/div><\/div><\/div><div id=\"post-4915\" class=\"ect-timeline-post odd ect-simple-event style-1 past\"><div class=\"timeline-dots\"><\/div><div class=\"timeline-content odd\"><div class=\"ect-timeline-header\"><a class=\"timeline-ev-img\" href=\"http:\/\/www.degren.eu\/?tribe_events=ecodiseno-en-envase-disena-para-prevenir-y-reciclar-2&#038;lang=pt\"><img src= \"http:\/\/www.degren.eu\/wp-content\/uploads\/2020\/09\/banner_lab_creativo_2020-1024x365.png\"\/><\/a><\/div><div class=\"ect-timeline-main-content\"><div class=\"ect-timeline-date\"><div class=\"ect-date-area timeline-schedule\"><span class=\"ev-day\">20<\/span>\n\t\t\t\t\t<span class=\"ev-mo\">octubre<\/span>\n\t\t\t\t\t<span class=\"ev-yr\">2020<\/span><\/div><\/div><h2 class=\"content-title\"><a class=\"ect-event-url\" href=\"http:\/\/www.degren.eu\/?tribe_events=ecodiseno-en-envase-disena-para-prevenir-y-reciclar-2&#038;lang=pt\" rel=\"bookmark\">ECODISE\u00d1O en envase: Dise\u00f1a para prevenir y reciclar<\/a><\/h2><!-- Event Content --><div class=\"ect-event-content\"><p>ECODISE\u00d1O en envase: Dise\u00f1a para prevenir y reciclar FECHA Y HORA: 20 de octubre de 2020 \u2013 17:00 h. Evento online via ZOOM El ecodise\u00f1o puede jugar un importante rol [&hellip;]<\/p>\n<\/div><\/div>      <div class=\"ect-lslist-event-detail\">\n\t        <a href=\"http:\/\/www.degren.eu\/?tribe_events=ecodiseno-en-envase-disena-para-prevenir-y-reciclar-2&#038;lang=pt\" title=\"ECODISE\u00d1O en envase: Dise\u00f1a para prevenir y reciclar\" rel=\"bookmark\">Find out more<\/a>\n\t        <\/div><\/div><\/div><\/div><\/div><\/p>\n<\/li>\n<\/ul>\n<p><!--\/themify_builder_static--><\/p>\n\n<!-- wp:themify-builder\/canvas \/-->","protected":false},"excerpt":{"rendered":"<p>[wpmegamenu menu_location=\u00bbmain-nav\u00bb backgorund-color=\u00bb#ffffff\u00bb] Pr\u00e9mio: Desenho Hexagonal, geometria natural e Ecodesign. +info EVENTOS O projeto DEGREN contempla a organiza\u00e7\u00e3o de m\u00faltiplas atividades relacionadas ao treinamento, interc\u00e2mbio de conhecimentos e redes entre [&hellip;]<\/p>\n","protected":false},"author":6,"featured_media":0,"parent":0,"menu_order":0,"comment_status":"closed","ping_status":"closed","template":"","meta":{"footnotes":""},"class_list":["post-1679","page","type-page","status-publish","hentry","has-post-title","has-post-date","has-post-category","has-post-tag","has-post-comment","has-post-author",""],"builder_content":"<ul id=\"menu-menu-pt\"><li id=\"menu-item-1631\"><a href=\"http:\/\/www.degren.eu\/?page_id=1687&#038;lang=pt\"><img src=\"http:\/\/www.degren.eu\/wp-content\/uploads\/2018\/10\/logotipo-peque\u00f1o.png\" alt=\"inicio\" width=\"400\"><\/a><\/li> <li id=\"menu-item-1630\"><a href=\"http:\/\/www.degren.eu\/?page_id=1613&#038;lang=pt\">O QUE \u00c9?<\/a> <ul> <li id=\"menu-item-2008\"><a href=\"http:\/\/www.degren.eu\/?page_id=1613&#038;lang=pt\">O QUE \u00c9?<\/a><\/li> <li id=\"menu-item-1643\"><a href=\"http:\/\/www.degren.eu\/?page_id=1633&#038;lang=pt\">QUEM SOMOS?<\/a><\/li> <li id=\"menu-item-1653\"><a href=\"http:\/\/www.degren.eu\/?page_id=1650&#038;lang=pt\">RESULTADOS DO PROJETO<\/a><\/li> <li id=\"menu-item-1673\"><a href=\"http:\/\/www.degren.eu\/?page_id=1670&#038;lang=pt\">CONTACTO<\/a><\/li> <\/ul> <\/li> <li id=\"menu-item-3501\"><a href=\"http:\/\/www.degren.eu\/?page_id=3492&#038;lang=pt\">ECODESIGN<\/a><\/li> <li id=\"menu-item-3003\"><a href=\"http:\/\/www.degren.eu\/?page_id=2990&#038;lang=pt\">RECURSOS<\/a> <ul> <li id=\"menu-item-3004\"><a href=\"http:\/\/www.degren.eu\/?page_id=2990&#038;lang=pt\">RECURSOS<\/a><\/li> <\/ul> <\/li> <li id=\"menu-item-2829\"><a href=\"http:\/\/www.degren.eu\/?page_id=2824&#038;lang=pt\">NOT\u00cdCIAS<\/a> <ul> <li id=\"menu-item-2830\"><a href=\"http:\/\/www.degren.eu\/?page_id=2824&#038;lang=pt\">NOT\u00cdCIAS<\/a><\/li> <li id=\"menu-item-2568\"><a href=\"http:\/\/www.degren.eu\/?page_id=2161&#038;lang=pt\">NEWSLETTER<\/a><\/li> <\/ul> <\/li> <li id=\"menu-item-2855\"><a href=\"http:\/\/www.degren.eu\/?page_id=2846&#038;lang=pt\">ATIVIDADES<\/a> <ul> <li id=\"menu-item-1684\"><a href=\"http:\/\/www.degren.eu\/?page_id=1679&#038;lang=pt\">EVENTOS<\/a><\/li> <li id=\"menu-item-4787\"><a target=\"_blank\" href=\"http:\/\/1eem.degren.eu\/\">1er EUROACE ECODESIGN MEETING<\/a><\/li> <\/ul> <\/li> <li id=\"menu-item-1644\"><a href=\"#pll_switcher\">Idiomas<\/a><\/li> <li id=\"menu-item-1676\"><a href=\"#Cnss_Widget\">Easy Social Icons<\/a><\/li> <\/ul>\n<a href=\"http:\/\/www.degren.eu\/?page_id=2161&#038;lang=pt\"> <img src=\"http:\/\/www.degren.eu\/wp-content\/uploads\/2017\/12\/imago_manu.jpg\" title=\"imago_manu\" alt=\"imago_manu\"> <\/a>\n<table style=\"width: 328px;\"><tbody><tr><td style=\"width: 318px;\"><img src=\"http:\/\/www.degren.eu\/wp-content\/uploads\/2018\/04\/cartonlab-1.jpg\" alt=\"\" width=\"600\" height=\"600\" \/><\/td><\/tr><tr><td style=\"width: 318px; text-align: left;\">Pr\u00e9mio: Desenho Hexagonal, geometria natural e Ecodesign.<br \/> <strong><a href=\"http:\/\/cartonlab.com\/diseno-hexagonal-decoracion\/\" target=\"_blank\" rel=\"noopener\">+info<\/a><\/strong><\/td><\/tr><\/tbody><\/table>\n<h2 style=\"margin-bottom: -5px;\"><strong>EVENTOS<\/strong><\/h2><hr style=\"margin-bottom: 20px;\" \/><p style=\"text-align: justify;\">O projeto DEGREN contempla a organiza\u00e7\u00e3o de m\u00faltiplas atividades relacionadas ao treinamento, interc\u00e2mbio de conhecimentos e redes entre empresas de ambos os lados da fronteira.<\/p><p style=\"text-align: justify;\">Verifique a agenda dos eventos para inform\u00e1-lo sobre as atividades que ser\u00e3o realizadas no \u00e2mbito do projeto e participar das negocia\u00e7\u00f5es, workshops e sess\u00f5es de treinamento que ser\u00e3o realizadas nos pr\u00f3ximos meses em torno do design ecol\u00f3gico.<\/p><p style=\"text-align: justify;\">Se voc\u00ea \u00e9 uma empresa ou empreendedor que quer ser inovador e consciente do meio ambiente, n\u00e3o perca a oportunidade e participe.<\/p>\n<p>[events-calendar-templates template=\"timeline\" category=\"all\" date_format=\"default\" start_date=\"\" end_date=\"\" limit=\"10\" order=\"DESC\" hide-venue=\"no\" time=\"\" title=\"Eventos\"]<\/p>\n<ul><li><h4><p style=\"text-align:center;\">Eventos Anteriores<\/p><\/h4><p style=\"text-align: center;\">[events-calendar-templates template=\"timeline\" category=\"all\" date_format=\"default\" start_date=\"\" end_date=\"\" limit=\"10\" order=\"DESC\" hide-venue=\"no\" time=\"past\" title=\"Eventos\"]<\/p><\/li><\/ul>","_links":{"self":[{"href":"http:\/\/www.degren.eu\/index.php?rest_route=\/wp\/v2\/pages\/1679","targetHints":{"allow":["GET"]}}],"collection":[{"href":"http:\/\/www.degren.eu\/index.php?rest_route=\/wp\/v2\/pages"}],"about":[{"href":"http:\/\/www.degren.eu\/index.php?rest_route=\/wp\/v2\/types\/page"}],"author":[{"embeddable":true,"href":"http:\/\/www.degren.eu\/index.php?rest_route=\/wp\/v2\/users\/6"}],"replies":[{"embeddable":true,"href":"http:\/\/www.degren.eu\/index.php?rest_route=%2Fwp%2Fv2%2Fcomments&post=1679"}],"version-history":[{"count":35,"href":"http:\/\/www.degren.eu\/index.php?rest_route=\/wp\/v2\/pages\/1679\/revisions"}],"predecessor-version":[{"id":5416,"href":"http:\/\/www.degren.eu\/index.php?rest_route=\/wp\/v2\/pages\/1679\/revisions\/5416"}],"wp:attachment":[{"href":"http:\/\/www.degren.eu\/index.php?rest_route=%2Fwp%2Fv2%2Fmedia&parent=1679"}],"curies":[{"name":"wp","href":"https:\/\/api.w.org\/{rel}","templated":true}]}}