{"id":1593,"date":"2018-01-15T13:32:27","date_gmt":"2018-01-15T13:32:27","guid":{"rendered":"http:\/\/www.degren.eu\/index.php\/habitat-copy\/"},"modified":"2019-10-28T20:40:33","modified_gmt":"2019-10-28T19:40:33","slug":"coiiex","status":"publish","type":"page","link":"http:\/\/www.degren.eu\/?page_id=1593","title":{"rendered":"COIIEX"},"content":{"rendered":"<p><!--themify_builder_static--><\/p>\n<p>[wpmegamenu menu_location=\u00bbmain-nav\u00bb backgorund-color=\u00bb#ffffff\u00bb]<\/p>\n<p><a href=\"http:\/\/www.degren.eu\/?page_id=2143\" > <img decoding=\"async\" src=\"http:\/\/www.degren.eu\/wp-content\/uploads\/2017\/12\/imago_manu.jpg\" alt=\"imago_manu\" \/> <\/a><\/p>\n<table style=\"width: 328px;\">\n<tbody>\n<tr>\n<td style=\"width: 318px;\"><img loading=\"lazy\" decoding=\"async\" src=\"http:\/\/www.degren.eu\/wp-content\/uploads\/2017\/12\/coiba.jpg\" alt=\"\" width=\"600\" height=\"363\" \/><\/td>\n<\/tr>\n<tr>\n<td style=\"width: 318px; text-align: left;\">\n<p>C\/ Eladio Salineros de los Santos 1, Edif. Plaza 06011 Badajoz, ES<br \/>+3492424150 \/ 6610300391<br \/><a href=\"http:\/\/www.coiiex.es\" target=\"_blank\" rel=\"noopener\"><strong>www.coiiex.es<\/strong><\/a><\/p>\n<p>[php_everywhere]<\/p>\n<\/td>\n<\/tr>\n<\/tbody>\n<\/table>\n<p>\u00a0<\/p>\n<h2 style=\"margin-bottom: -5px;\"><strong>COLEGIO OFICIAL DE INGENIEROS INDUSTRIALES DE EXTREMADURA<\/strong><\/h2>\n<hr style=\"margin-bottom: 10px;\" \/>\n<h3><strong>COIIEX<\/strong><\/h3>\n<p style=\"text-align: justify;\">El Colegio Oficial de Ingenieros Industriales de Extremadura integra a cerca de 400 ingenieros industriales, con t\u00edtulo oficial reconocido por el Estado, que residen o ejercen la profesi\u00f3n en la comunidad aut\u00f3noma de Extremadura.<\/p>\n<p style=\"text-align: justify;\">Tiene consideraci\u00f3n de Corporaci\u00f3n de Derecho P\u00fablico y plena capacidad de obrar para el cumplimiento de sus fines y el ejercicio de sus facultades para la tutela del correcto ejercicio de la profesi\u00f3n como garant\u00eda de los derechos de los ciudadanos.<\/p>\n<p><!--\/themify_builder_static--><\/p>\n<p>&nbsp;<\/p>\n","protected":false},"excerpt":{"rendered":"<p>[wpmegamenu menu_location=\u00bbmain-nav\u00bb backgorund-color=\u00bb#ffffff\u00bb] C\/ Eladio Salineros de los Santos 1, Edif. Plaza 06011 Badajoz, ES+3492424150 \/ 6610300391www.coiiex.es [php_everywhere] \u00a0 COLEGIO OFICIAL DE INGENIEROS INDUSTRIALES DE EXTREMADURA COIIEX El Colegio Oficial [&hellip;]<\/p>\n","protected":false},"author":6,"featured_media":0,"parent":0,"menu_order":0,"comment_status":"closed","ping_status":"closed","template":"","meta":{"footnotes":""},"class_list":["post-1593","page","type-page","status-publish","hentry","has-post-title","has-post-date","has-post-category","has-post-tag","has-post-comment","has-post-author",""],"builder_content":"<p>[wpmegamenu menu_location=\"main-nav\" backgorund-color=\"#ffffff\"]<\/p>\n<a href=\"http:\/\/www.degren.eu\/?page_id=2143\"> <img src=\"http:\/\/www.degren.eu\/wp-content\/uploads\/2017\/12\/imago_manu.jpg\" title=\"imago_manu\" alt=\"imago_manu\"> <\/a>\n<table style=\"width: 328px;\"><tbody><tr><td style=\"width: 318px;\"><img src=\"http:\/\/www.degren.eu\/wp-content\/uploads\/2017\/12\/coiba.jpg\" alt=\"\" width=\"600\" height=\"363\" \/><\/td><\/tr><tr><td style=\"width: 318px; text-align: left;\"><p>C\/ Eladio Salineros de los Santos 1, Edif. Plaza 06011 Badajoz, ES<br \/>+3492424150 \/ 6610300391<br \/><a href=\"http:\/\/www.coiiex.es\" target=\"_blank\" rel=\"noopener\"><strong>www.coiiex.es<\/strong><\/a><\/p><p>[php_everywhere]<br \/><\/p><\/td><\/tr><\/tbody><\/table><p>\u00a0<\/p>\n<h2 style=\"margin-bottom: -5px;\"><strong>COLEGIO OFICIAL DE INGENIEROS INDUSTRIALES DE EXTREMADURA<\/strong><\/h2> <hr style=\"margin-bottom: 10px;\" \/> <h3><strong>COIIEX<\/strong><\/h3> <p style=\"text-align: justify;\">El Colegio Oficial de Ingenieros Industriales de Extremadura integra a cerca de 400 ingenieros industriales, con t\u00edtulo oficial reconocido por el Estado, que residen o ejercen la profesi\u00f3n en la comunidad aut\u00f3noma de Extremadura.<\/p> <p style=\"text-align: justify;\">Tiene consideraci\u00f3n de Corporaci\u00f3n de Derecho P\u00fablico y plena capacidad de obrar para el cumplimiento de sus fines y el ejercicio de sus facultades para la tutela del correcto ejercicio de la profesi\u00f3n como garant\u00eda de los derechos de los ciudadanos.<\/p>","_links":{"self":[{"href":"http:\/\/www.degren.eu\/index.php?rest_route=\/wp\/v2\/pages\/1593","targetHints":{"allow":["GET"]}}],"collection":[{"href":"http:\/\/www.degren.eu\/index.php?rest_route=\/wp\/v2\/pages"}],"about":[{"href":"http:\/\/www.degren.eu\/index.php?rest_route=\/wp\/v2\/types\/page"}],"author":[{"embeddable":true,"href":"http:\/\/www.degren.eu\/index.php?rest_route=\/wp\/v2\/users\/6"}],"replies":[{"embeddable":true,"href":"http:\/\/www.degren.eu\/index.php?rest_route=%2Fwp%2Fv2%2Fcomments&post=1593"}],"version-history":[{"count":16,"href":"http:\/\/www.degren.eu\/index.php?rest_route=\/wp\/v2\/pages\/1593\/revisions"}],"predecessor-version":[{"id":2600,"href":"http:\/\/www.degren.eu\/index.php?rest_route=\/wp\/v2\/pages\/1593\/revisions\/2600"}],"wp:attachment":[{"href":"http:\/\/www.degren.eu\/index.php?rest_route=%2Fwp%2Fv2%2Fmedia&parent=1593"}],"curies":[{"name":"wp","href":"https:\/\/api.w.org\/{rel}","templated":true}]}}